{"id":54109,"date":"2020-08-11T23:03:40","date_gmt":"2020-08-11T21:03:40","guid":{"rendered":"https:\/\/zahoramizadolami.sk\/garam-evezes-felso-szakasz\/"},"modified":"2026-08-15T22:10:17","modified_gmt":"2026-08-15T20:10:17","slug":"garam-evezes-felso-szakasz","status":"publish","type":"page","link":"https:\/\/zahoramizadolami.sk\/hu\/garam-evezes-felso-szakasz\/","title":{"rendered":"Garam evez\u00e9s &#8211; fels\u0151 szakasz"},"content":{"rendered":"<div class=\"wpb-content-wrapper\"><p>[vc_row css_animation=&#8221;&#8221; row_type=&#8221;row&#8221; use_row_as_full_screen_section=&#8221;no&#8221; type=&#8221;full_width&#8221; angled_section=&#8221;no&#8221; text_align=&#8221;left&#8221; background_image=&#8221;10693&#8243; background_image_as_pattern=&#8221;without_pattern&#8221; el_id=&#8221;top-image&#8221; z_index=&#8221;&#8221;][vc_column][\/vc_column][\/vc_row][vc_row css_animation=&#8221;&#8221; row_type=&#8221;row&#8221; use_row_as_full_screen_section=&#8221;no&#8221; type=&#8221;grid&#8221; angled_section=&#8221;no&#8221; text_align=&#8221;left&#8221; background_image_as_pattern=&#8221;without_pattern&#8221; background_color=&#8221;#ffffff&#8221; z_index=&#8221;&#8221;][vc_column width=&#8221;1\/6&#8243; el_class=&#8221;detail-top&#8221;][\/vc_column][vc_column width=&#8221;2\/3&#8243; el_class=&#8221;detail-top&#8221;][vc_empty_space height=&#8221;80&#8243;][vc_column_text]<\/p>\n<h1>Garam evez\u00e9s &#8211; fels\u0151 szakasz<\/h1>\n<p>\n[\/vc_column_text][vc_empty_space height=&#8221;35px&#8221;][vc_column_text]A v\u00edzit\u00far\u00e1z\u00f3k \u00e1ltal legkeresettebb szakaszon kisebb v\u00edzi m\u0171t\u00e1rgyak v\u00e1rj\u00e1k \u00f6n\u00f6ket, amelyek gond n\u00e9lk\u00fcl j\u00e1rhat\u00f3k. T\u00e1rsas\u00e1got a helyi pisztr\u00e1ngok, p\u00e9rhalak, dunai gal\u00f3c\u00e1k biztos\u00edtanak, \u00e9s ha egy pillanatra meg\u00e1llnak \u00e9s alaposan k\u00f6r\u00fcln\u00e9znek, tal\u00e1n m\u00e9g folyami r\u00e1kkal is tal\u00e1lkozhatnak. A tavaszi h\u00f3napokban a <strong>Garam<\/strong> m\u00e9g kiss\u00e9 szesz\u00e9lyes. A kiad\u00f3s es\u0151k \u00e9s az olvad\u00f3 h\u00f3 m\u00e1r <strong>He\u013epa<\/strong> k\u00f6zs\u00e9gt\u0151l (255. foly\u00f3kilom\u00e9ter) lehet\u0151v\u00e9 teszik a leereszked\u00e9st. Ink\u00e1bb tapasztalt v\u00edzit\u00far\u00e1z\u00f3knak aj\u00e1nljuk. Ellenkez\u0151 esetben k\u00e9sz\u00fcljenek fel egy gyors edz\u00e9sre a hidegt\u0171r\u00e9sb\u0151l. A v\u00edz nagyon hideg, de egy\u00e9rtelm\u0171en felejthetetlen \u00e9lm\u00e9nyr\u0151l gondoskodik.[\/vc_column_text][vc_empty_space height=&#8221;40px&#8221;][vc_column_text]A m\u00e1sodik fordul\u00f3pont <strong>Valask\u00e1<\/strong> k\u00f6zs\u00e9gn\u00e9l, <strong>Chvatimech<\/strong> r\u00e9sz\u00e9n\u00e9l (217. foly\u00f3kilom\u00e9ter) v\u00e1r \u00f6n\u00f6kre. Itt tal\u00e1lhat\u00f3 a <strong>Fekete-Garam torkolata<\/strong>. A szakasz a legalacsonyabb v\u00edz\u00e1ll\u00e1sn\u00e1l is evezhet\u0151. Egy kicsit egyenesedjenek fel, <strong>Podbrezov\u00e1<\/strong> k\u00f6zs\u00e9gen val\u00f3 \u00e1thalad\u00e1s v\u00e1r \u00f6n\u00f6kre. <strong>Lopej<\/strong> r\u00e9szn\u00e9l (212. foly\u00f3kilom\u00e9ter) a v\u00edznek megvan a maga feladata. A helyi v\u00edzer\u0151m\u0171vet szolg\u00e1lja, ez\u00e9rt folyamatosan fel-le kell \u00e1ramolnia. Munk\u00e1ja <strong>Nemeck\u00e1<\/strong> k\u00f6zs\u00e9g <strong>Dubov\u00e1<\/strong> r\u00e9sz\u00e9n\u00e9l (205. foly\u00f3kilom\u00e9ter) \u00e9r v\u00e9get. \u00dagy t\u0171nhet, hogy a ny\u00e1ri h\u00f3napokban a foly\u00f3 helyett a sz\u00e1razf\u00f6ld\u00f6n k\u00f6tnek ki. Sebaj. A cs\u00f3nakokat a v\u00e1llra, \u00e9s s\u00e9t\u00e1lnak egy kicsit.[\/vc_column_text][vc_empty_space height=&#8221;40px&#8221;][vc_single_image image=&#8221;10696&#8243; img_size=&#8221;1200&#215;675&#8243; qode_css_animation=&#8221;&#8221;][vc_empty_space height=&#8221;40px&#8221;][vc_column_text]A harmadik fordul\u00f3pontot \u00e9lvezz\u00e9k ki teljesen. <strong>Nemeck\u00e1<\/strong> faluban megtal\u00e1lj\u00e1k az els\u0151 t\u00e1borhelyeket \u00e9s v\u00edzit\u00fara-felszerel\u00e9s k\u00f6lcs\u00f6nz\u0151ket. Nemeck\u00e1t\u00f3l a gyors v\u00edz eg\u00e9szen <strong>Slia\u010d<\/strong> v\u00e1ros\u00e1ig rep\u00edti \u00f6n\u00f6ket. Mesesz\u00e9p term\u00e9szeti t\u00e1jak, mindenf\u00e9le term\u00e9szeti csod\u00e1k v\u00e1rj\u00e1k \u00f6n\u00f6ket, a felh\u0151k k\u00f6z\u00f6tt pedig b\u00fcszk\u00e9n magasodik majd az <strong>Alacsony-T\u00e1tra<\/strong> \u00e9s <strong>\u013dup\u010da v\u00e1ra<\/strong>.[\/vc_column_text][vc_empty_space height=&#8221;40px&#8221;][vc_single_image image=&#8221;2788&#8243; img_size=&#8221;1200&#215;675&#8243; qode_css_animation=&#8221;&#8221;][vc_empty_space height=&#8221;40px&#8221;][vc_single_image image=&#8221;72&#8243; img_size=&#8221;full&#8221; alignment=&#8221;center&#8221; qode_css_animation=&#8221;&#8221; el_class=&#8221;my-divider&#8221;][vc_empty_space height=&#8221;60px&#8221;][vc_column_text]<\/p>\n<h3>Kir\u00e1ndul\u00e1si tipp:<\/h3>\n<p>\n[\/vc_column_text][vc_column_text]Az akt\u00edv nyaral\u00f3k k\u00f6z\u00e9 tartozol? Pr\u00f3b\u00e1ld ki a v\u00edzit\u00far\u00e1z\u00f3 \u00e9let\u00e9t egy vagy k\u00e9t napra.<\/p>\n<p>&nbsp;<\/p>\n<p><strong>Nemeck\u00e1 &#8211; Mlyn\u010dok<\/strong><br \/>1 nap \/ 10 foly\u00f3kilom\u00e9ter<\/p>\n<p>&nbsp;<\/p>\n<p>Ez a szakasz a kezd\u0151k egyik legkedveltebbje. Megismered a <strong>Garam<\/strong> legszebb zugait.[\/vc_column_text][vc_empty_space height=&#8221;40px&#8221;][vc_single_image image=&#8221;10705&#8243; img_size=&#8221;1200&#215;675&#8243; qode_css_animation=&#8221;&#8221;][vc_empty_space height=&#8221;40px&#8221;][vc_column_text]<strong>Nemeck\u00e1 \u2013 \u0160alkov\u00e1<br \/>\n<\/strong>2 nap \/ 20 foly\u00f3kilom\u00e9ter<\/p>\n<p>&nbsp;<\/p>\n<p>Az \u00fat <strong>Nemeck\u00e1<\/strong> k\u00f6zs\u00e9gt\u0151l eg\u00e9szen <strong>\u0160alkov\u00e1ig<\/strong> tart. \u00c9lvezni fogod a gy\u00f6ny\u00f6r\u0171 fels\u0151-garami term\u00e9szetet. Este a panzi\u00f3 partj\u00e1n\u00e1l k\u00f6titek ki a cs\u00f3nakokat, ahol kellemes esti programmal k\u00e9sz\u00fcl\u00fcnk nektek.<\/p>\n<p>&nbsp;<\/p>\n<p>Reggeli ut\u00e1n <strong>Slia\u010dig<\/strong> vagy <strong>Zvolenig<\/strong> folytat\u00f3dik az evez\u00e9s. Mikrobusszal juttok vissza <strong>Nemeck\u00e1ba<\/strong>.[\/vc_column_text][vc_empty_space height=&#8221;40px&#8221;][vc_single_image image=&#8221;10699&#8243; img_size=&#8221;1200&#215;675&#8243; qode_css_animation=&#8221;&#8221;][vc_empty_space height=&#8221;40px&#8221;][vc_column_text]<\/p>\n<h3>V\u00e1ndorv\u00edzit\u00far\u00e1k:<\/h3>\n<p>\n[\/vc_column_text][vc_column_text]Tapasztalt v\u00edzit\u00far\u00e1z\u00f3knak megfelel\u0151 program. Minden fontos dolgot (ruh\u00e1t, \u00e9telt, vizet) magatokkal visztek a v\u00edzen. A mikrobusz csak az \u00fat v\u00e9gc\u00e9lj\u00e1n\u00e1l vesz fel benneteket. Addig s\u00e1traztok \u00e9s eveztek a gy\u00f6ny\u00f6r\u0171 Anyaterm\u00e9szet \u00f6l\u00e9n.<\/p>\n<p>&nbsp;<\/p>\n<p>A <strong>v\u00e1ndorv\u00edzit\u00far\u00e1k<\/strong> n\u00e9pszer\u0171ek a fiatalok k\u00f6r\u00e9ben (iskolai kir\u00e1ndul\u00e1sok, gyerek- vagy tin\u00e9dzsert\u00e1borok), de a k\u00fcl\u00f6nf\u00e9le munkater\u00fcleteken dolgoz\u00f3 koll\u00e9g\u00e1k k\u00f6z\u00f6tt is (csapat\u00e9p\u00edt\u00e9s).[\/vc_column_text][vc_empty_space height=&#8221;40px&#8221;][vc_column_text]<\/p>\n<h3>TIPP cs\u00f3nakk\u00f6lcs\u00f6nz\u00e9shez:<\/h3>\n<p>\n[\/vc_column_text][vc_empty_space height=&#8221;40px&#8221;][vc_column_text]<\/p>\n<ul>\n<li>Nemeck\u00e1 cs\u00f3nakh\u00e1z, M\u00e1rio \u201cMANA\u201d Kol\u00e1r<\/li>\n<li>Cs\u00f3nakh\u00e1z t\u00e1borhellyel, Nemeck\u00e9 Dronte<\/li>\n<li>Brusno, Hastrman Kol\u00e1rik<\/li>\n<li>Brusno, rafting a Garamon<\/li>\n<li>Cs\u00f3nakh\u00e1z t\u00e1borhellyel, Medzibrod Majerka<\/li>\n<li>Cs\u00f3nakh\u00e1z Mlyn\u010dokon, Slovensk\u00e1 \u013dup\u010da, t\u00e1borhellyel<\/li>\n<\/ul>\n<p>\n[\/vc_column_text][vc_empty_space height=&#8221;40px&#8221;][vc_single_image image=&#8221;72&#8243; img_size=&#8221;full&#8221; alignment=&#8221;center&#8221; qode_css_animation=&#8221;&#8221; el_class=&#8221;my-divider&#8221;][vc_empty_space height=&#8221;80px&#8221;][\/vc_column][vc_column width=&#8221;1\/6&#8243; el_class=&#8221;detail-top&#8221;][\/vc_column][\/vc_row][vc_row css_animation=&#8221;&#8221; row_type=&#8221;row&#8221; use_row_as_full_screen_section=&#8221;no&#8221; type=&#8221;full_width&#8221; angled_section=&#8221;no&#8221; text_align=&#8221;left&#8221; background_image_as_pattern=&#8221;without_pattern&#8221; z_index=&#8221;&#8221;][vc_column][vc_gallery type=&#8221;image_grid&#8221; images=&#8221;10713,10716,10743,10758,10696,10785,10794,10836,10731,10830&#8243; img_size=&#8221;400&#215;250&#8243; column_number=&#8221;5&#8243; grayscale=&#8221;no&#8221; images_space=&#8221;gallery_without_space&#8221; el_class=&#8221;gallery-divider&#8221;][\/vc_column][\/vc_row][vc_row css_animation=&#8221;&#8221; row_type=&#8221;row&#8221; use_row_as_full_screen_section=&#8221;no&#8221; type=&#8221;full_width&#8221; angled_section=&#8221;no&#8221; text_align=&#8221;left&#8221; background_image_as_pattern=&#8221;without_pattern&#8221;][vc_column][vc_empty_space height=&#8221;100&#8243;][\/vc_column][\/vc_row][vc_row css_animation=&#8221;&#8221; row_type=&#8221;row&#8221; use_row_as_full_screen_section=&#8221;no&#8221; type=&#8221;grid&#8221; angled_section=&#8221;no&#8221; text_align=&#8221;left&#8221; background_image_as_pattern=&#8221;without_pattern&#8221; background_color=&#8221;#ffffff&#8221; z_index=&#8221;&#8221;][vc_column width=&#8221;1\/6&#8243; el_class=&#8221;detail-top&#8221;][\/vc_column][vc_column width=&#8221;2\/3&#8243; el_class=&#8221;detail-top&#8221;][vc_column_text]<\/p>\n<h3>Hogyan jutsz el a helysz\u00ednre?<\/h3>\n<p>\n[\/vc_column_text][vc_empty_space height=&#8221;40px&#8221;][vc_gmaps link=&#8221;#E-8_JTNDaWZyYW1lJTIwc3JjJTNEJTIyaHR0cHMlM0ElMkYlMkZ3d3cuZ29vZ2xlLmNvbSUyRm1hcHMlMkZlbWJlZCUzRnBiJTNEJTIxMW0xOCUyMTFtMTIlMjExbTMlMjExZDExMDQuNzQxNTYxNzk2MTI3NiUyMTJkMTkuNDA0Mjc2OTk2MDQxNDQzJTIxM2Q0OC44MDk4OTAwMTg4NzE5NSUyMTJtMyUyMTFmMCUyMTJmMCUyMTNmMCUyMTNtMiUyMTFpMTAyNCUyMTJpNzY4JTIxNGYxMy4xJTIxM20zJTIxMW0yJTIxMXMweDQ3MTU2YzUwYzcxYmI3YTclMjUzQTB4Y2I1YjM1OWM1ODhjYzNiZiUyMTJzU3BsYXYlMjUyMEhyb25hJTIxNWUwJTIxM20yJTIxMXNzayUyMTJzc2slMjE0djE1OTcxODI0NjU2ODklMjE1bTIlMjExc3NrJTIxMnNzayUyMiUyMHdpZHRoJTNEJTIyNjAwJTIyJTIwaGVpZ2h0JTNEJTIyNDUwJTIyJTIwZnJhbWVib3JkZXIlM0QlMjIwJTIyJTIwc3R5bGUlM0QlMjJib3JkZXIlM0EwJTNCJTIyJTIwYWxsb3dmdWxsc2NyZWVuJTNEJTIyJTIyJTIwYXJpYS1oaWRkZW4lM0QlMjJmYWxzZSUyMiUyMHRhYmluZGV4JTNEJTIyMCUyMiUzRSUzQyUyRmlmcmFtZSUzRQ==&#8221; title=&#8221;Garam evez\u00e9s&#8221;][vc_empty_space height=&#8221;40px&#8221;][\/vc_column][vc_column width=&#8221;1\/6&#8243; el_class=&#8221;detail-top&#8221;][\/vc_column][\/vc_row][vc_row css_animation=&#8221;&#8221; row_type=&#8221;row&#8221; use_row_as_full_screen_section=&#8221;no&#8221; type=&#8221;full_width&#8221; angled_section=&#8221;no&#8221; text_align=&#8221;left&#8221; background_image_as_pattern=&#8221;without_pattern&#8221;][vc_column][vc_column_text][vc_row css_animation=\"\" row_type=\"row\" use_row_as_full_screen_section=\"no\" type=\"grid\" angled_section=\"no\" text_align=\"left\" background_image_as_pattern=\"without_pattern\" background_color=\"#ecf2f9\" padding_top=\"100\" padding_bottom=\"80\" z_index=\"\"][vc_column][vc_row_inner row_type=\"row\" type=\"full_width\" text_align=\"left\" css_animation=\"\"][vc_column_inner][vc_column_text el_class=\"title-with-image\"]\r\n<h2>Foglald le az \u00e9lm\u00e9nyeket<\/h2>\r\n[\/vc_column_text][\/vc_column_inner][\/vc_row_inner][vc_empty_space height=\"28px\"][vc_column_text el_class=\"text-max-width\"]Foglalja le online a folyami t\u00far\u00e1t, vagy v\u00e1logasson a tov\u00e1bbi \u00e9lm\u00e9nyek k\u00f6z\u00fcl, amelyeket \u00f6nnek k\u00e9sz\u00edtett\u00fcnk el\u0151. \u00c9s ne felejtsen el ihletet mer\u00edteni kir\u00e1ndul\u00e1si tippjeinkb\u0151l sem, amelyek seg\u00edtenek felfedezni az eddig ismeretlen helyeket is.[\/vc_column_text][vc_empty_space height=\"80px\"][vc_row_inner row_type=\"row\" type=\"grid\" text_align=\"left\" css_animation=\"\"][vc_column_inner width=\"1\/4\"][qode_elements_holder number_of_columns=\"one_column\"][qode_elements_holder_item vertical_alignment=\"top\" horizontal_alignment=\"center\" advanced_animations=\"no\" custom_class=\"top-zazitky darkblue\"][vc_column_text el_class=\"ponuky-region darkblue\"]<strong>GARAM<\/strong>[\/vc_column_text][vc_single_image image=\"46646\" img_size=\"960\u00d7540\" alignment=\"center\" qode_css_animation=\"\"][vc_column_text el_class=\"ponuky-title\"]Lefel\u00e9 a Garamon Nemeck\u00e1t\u00f3l Mlyn\u010dokig[\/vc_column_text][vc_column_text el_class=\"ponuky-text\"]\u00c9lvezd a Garamon val\u00f3 v\u00edzit\u00far\u00e1t Nemeck\u00e1t\u00f3l eg\u00e9szen Mlyn\u010dokig.[\/vc_column_text][vc_empty_space]<a  itemprop=\"url\" href=\"https:\/\/zazitky.zahoramizadolami.sk\/sk\/dolu-hronom-nemecka-mlyncok\" target=\"_self\" data-hover-color=\"#ffffff\" class=\"qbutton  medium default\" style=\"color: #001689; border-color: #001689; \">Tudj meg t\u00f6bbet &gt;&gt;<\/a>[vc_empty_space][\/qode_elements_holder_item][\/qode_elements_holder][vc_empty_space][\/vc_column_inner][vc_column_inner width=\"1\/4\"][qode_elements_holder number_of_columns=\"one_column\"][qode_elements_holder_item vertical_alignment=\"top\" horizontal_alignment=\"center\" advanced_animations=\"no\" custom_class=\"top-zazitky darkblue\"][vc_column_text el_class=\"ponuky-region darkblue\"]<strong>GARAM<\/strong>[\/vc_column_text][vc_single_image image=\"46649\" img_size=\"960\u00d7540\" alignment=\"center\" qode_css_animation=\"\"][vc_column_text el_class=\"ponuky-title\"]Lefel\u00e9 a Garamon Nemeck\u00e1t\u00f3l \u0160alkov\u00e1ig[\/vc_column_text][vc_column_text el_class=\"ponuky-text\"]Az eg\u00e9sz csal\u00e1d sz\u00e1m\u00e1ra teremtett v\u00edzit\u00fara, \u00fagyhogy hurr\u00e1\u00e1\u00e1\u00e1 a v\u00edzre![\/vc_column_text][vc_empty_space]<a  itemprop=\"url\" href=\"https:\/\/zazitky.zahoramizadolami.sk\/sk\/dolu-hronom-z-nemeckej-do-salkovej\" target=\"_self\" data-hover-color=\"#ffffff\" class=\"qbutton  medium default\" style=\"color: #001689; border-color: #001689; \">Tudj meg t\u00f6bbet &gt;&gt;<\/a>[vc_empty_space][\/qode_elements_holder_item][\/qode_elements_holder][vc_empty_space][\/vc_column_inner][vc_column_inner width=\"1\/4\"][qode_elements_holder number_of_columns=\"one_column\"][qode_elements_holder_item vertical_alignment=\"top\" horizontal_alignment=\"center\" advanced_animations=\"no\" custom_class=\"top-zazitky darkblue\"][vc_column_text el_class=\"ponuky-region darkblue\"]<strong>IPOLY<\/strong>[\/vc_column_text][vc_single_image image=\"46655\" img_size=\"960\u00d7540\" alignment=\"center\" qode_css_animation=\"\"][vc_column_text el_class=\"ponuky-title\"]Ipoly-t\u00fara - Bu\u0161ince[\/vc_column_text][vc_column_text el_class=\"ponuky-text\"]Az Ipoly foly\u00f3n evezni sz\u00e1modra k\u00fcl\u00f6nleges v\u00edzi \u00e9lm\u00e9ny lesz.[\/vc_column_text][vc_empty_space]<a  itemprop=\"url\" href=\"https:\/\/zazitky.zahoramizadolami.sk\/sk\/splav-ipla-busince\" target=\"_self\" data-hover-color=\"#ffffff\" class=\"qbutton  medium default\" style=\"color: #001689; border-color: #001689; \">Tudj meg t\u00f6bbet &gt;&gt;<\/a>[vc_empty_space][\/qode_elements_holder_item][\/qode_elements_holder][vc_empty_space][\/vc_column_inner][vc_column_inner width=\"1\/4\"][qode_elements_holder number_of_columns=\"one_column\"][qode_elements_holder_item vertical_alignment=\"top\" horizontal_alignment=\"center\" advanced_animations=\"no\" custom_class=\"top-zazitky darkblue\"][vc_column_text el_class=\"ponuky-region darkblue\"]<strong>IPOLY<\/strong>[\/vc_column_text][vc_single_image image=\"46652\" img_size=\"960\u00d7540\" alignment=\"center\" qode_css_animation=\"\"][vc_column_text el_class=\"ponuky-title\"]Az Ipoly nyugodt viz\u00e9n Holi\u0161\u00e9t\u0151l Kalond\u00e1ig[\/vc_column_text][vc_column_text el_class=\"ponuky-text\"]Indulj el megh\u00f3d\u00edtani az Ipoly foly\u00f3t igazi v\u00edzit\u00far\u00e1z\u00f3k\u00e9nt.[\/vc_column_text][vc_empty_space]<a  itemprop=\"url\" href=\"https:\/\/zazitky.zahoramizadolami.sk\/sk\/pokojnou-vodou-ipla-od-holise-po-kalondu\" target=\"_self\" data-hover-color=\"#ffffff\" class=\"qbutton  medium default\" style=\"color: #001689; border-color: #001689; \">Tudj meg t\u00f6bbet &gt;&gt;<\/a>[vc_empty_space][\/qode_elements_holder_item][\/qode_elements_holder][vc_empty_space][\/vc_column_inner][\/vc_row_inner][vc_empty_space height=\"30px\"][vc_row_inner row_type=\"row\" type=\"full_width\" text_align=\"center\" css_animation=\"\"][vc_column_inner]<a  itemprop=\"url\" href=\"https:\/\/zazitky.zahoramizadolami.sk\/sk\/zazitky\" target=\"_self\" data-hover-background-color=\"#000baa\" data-hover-border-color=\"#000baa\" data-hover-color=\"#ffffff\" class=\"qbutton  large center default my-button\" style=\"color: #ffffff; border-color: #001689; border-radius: 4px;-moz-border-radius: 4px;-webkit-border-radius: 4px; background-color:#001689;\">\u00d6sszes aj\u00e1nlat megjelen\u00edt\u00e9se<\/a>[\/vc_column_inner][\/vc_row_inner][\/vc_column][\/vc_row][\/vc_column_text][\/vc_column][\/vc_row][vc_row css_animation=&#8221;&#8221; row_type=&#8221;row&#8221; use_row_as_full_screen_section=&#8221;no&#8221; type=&#8221;full_width&#8221; angled_section=&#8221;no&#8221; text_align=&#8221;left&#8221; background_image_as_pattern=&#8221;without_pattern&#8221; padding_top=&#8221;80&#8243; padding_bottom=&#8221;80&#8243; z_index=&#8221;&#8221;][vc_column][vc_column_text][vc_row css_animation=\"\" row_type=\"row\" use_row_as_full_screen_section=\"no\" type=\"grid\" angled_section=\"no\" text_align=\"left\" background_image_as_pattern=\"without_pattern\" padding_bottom=\"50\" z_index=\"\"][vc_column][vc_row_inner row_type=\"row\" type=\"full_width\" text_align=\"left\" css_animation=\"\"][vc_column_inner][vc_column_text el_class=\"title-with-image\"]\r\n<h2>Tal\u00e1n m\u00e1s is \u00e9rdekelheti<\/h2>\r\n[\/vc_column_text][vc_empty_space height=\"28px\"][vc_column_text el_class=\"text-max-width\"]S\u00fct a nap, cs\u00e1b\u00edt a v\u00edz, indulj el, hogy megismerd a t\u00e1jat <strong>hegyek m\u00f6g\u00f6tt, v\u00f6lgyek m\u00f6g\u00f6tt<\/strong> a foly\u00f3kon <strong>Hron<\/strong>, <strong>Ipoly<\/strong> vagy <strong>Mur\u00e1ny<\/strong>. Pihenjenek a l\u00e1bak, a kezeken pedig a kir\u00e1ndul\u00e1s ut\u00e1n sz\u00e9pen kidolgozott izmok jelennek meg. A tutajoz\u00e1s egyre keresettebb kalandos \u00e9lm\u00e9ny az eg\u00e9sz csal\u00e1d sz\u00e1m\u00e1ra. M\u00e1r csak ki kell v\u00e1lasztani, \u00e9s <strong>h\u00fa\u00fa\u00fa a v\u00edzre<\/strong>![\/vc_column_text][vc_empty_space height=\"80px\"][\/vc_column_inner][\/vc_row_inner][vc_row_inner row_type=\"row\" type=\"full_width\" text_align=\"left\" css_animation=\"\"][vc_column_inner width=\"1\/3\"][qode_elements_holder number_of_columns=\"one_column\"][qode_elements_holder_item vertical_alignment=\"top\" horizontal_alignment=\"center\" advanced_animations=\"no\" custom_class=\"top-zazitky darkblue\"][vc_column_text el_class=\"ponuky-region darkblue\"]<strong>Hron<\/strong>[\/vc_column_text][vc_single_image image=\"10871\" img_size=\"full\" alignment=\"center\" qode_css_animation=\"\"][vc_column_text el_class=\"ponuky-title\"]Hron-i tutajoz\u00e1s[\/vc_column_text][vc_column_text el_class=\"ponuky-text\"]A Hron-i tutajoz\u00e1s a legszebb v\u00edzit\u00far\u00e1s \u00e9lm\u00e9nyek k\u00f6z\u00e9 tartozik. Minden koroszt\u00e1lynak megfelel\u0151. K\u00f6z\u00e9p-Eur\u00f3p\u00e1ban val\u00f3sz\u00edn\u0171leg ez az utols\u00f3 olyan foly\u00f3, amely a forr\u00e1st\u00f3l a torkolatig v\u00e9gig haj\u00f3zhat\u00f3.[\/vc_column_text][vc_empty_space]<a  itemprop=\"url\" href=\"\/splav-hrona\/\" target=\"_self\" data-hover-color=\"#ffffff\" class=\"qbutton  medium default\" style=\"color: #001689; border-color: #001689; \">Tudj meg t\u00f6bbet<\/a>[vc_empty_space][\/qode_elements_holder_item][\/qode_elements_holder][vc_empty_space][\/vc_column_inner][vc_column_inner width=\"1\/3\"][qode_elements_holder number_of_columns=\"one_column\"][qode_elements_holder_item vertical_alignment=\"top\" horizontal_alignment=\"center\" advanced_animations=\"no\" custom_class=\"top-zazitky darkblue\"][vc_column_text el_class=\"ponuky-region darkblue\"]<strong>Ipoly<\/strong>[\/vc_column_text][vc_single_image image=\"7865\" img_size=\"full\" alignment=\"center\" qode_css_animation=\"\"][vc_column_text el_class=\"ponuky-title\"]Ipoly-i tutajoz\u00e1s[\/vc_column_text][vc_column_text el_class=\"ponuky-text\"]A v\u00edzit\u00far\u00e1z\u00f3k kanyarulatokra, gy\u00f6ny\u00f6r\u0171 term\u00e9szeti panor\u00e1m\u00e1ra, mes\u00e9s \u00e1rt\u00e9ri erd\u0151kre \u00e9s r\u00e9tekre sz\u00e1m\u00edthatnak, ahol m\u00e1r csak a t\u00e1ncol\u00f3 man\u00f3k hi\u00e1nyoznak. A foly\u00f3cska k\u00f6rny\u00e9ke v\u00e1ltozatos, \u00e9s ritka \u00e1llat- \u00e9s n\u00f6v\u00e9nyvil\u00e1ggal teli.[\/vc_column_text][vc_empty_space]<a  itemprop=\"url\" href=\"\/splav-ipla\/\" target=\"_self\" data-hover-color=\"#ffffff\" class=\"qbutton  medium default\" style=\"color: #001689; border-color: #001689; \">Tudj meg t\u00f6bbet<\/a>[vc_empty_space][\/qode_elements_holder_item][\/qode_elements_holder][vc_empty_space][\/vc_column_inner][vc_column_inner width=\"1\/3\"][qode_elements_holder number_of_columns=\"one_column\"][qode_elements_holder_item vertical_alignment=\"top\" horizontal_alignment=\"center\" advanced_animations=\"no\" custom_class=\"top-zazitky darkblue\"][vc_column_text el_class=\"ponuky-region darkblue\"]<strong>Mur\u00e1ny<\/strong>[\/vc_column_text][vc_single_image image=\"8675\" img_size=\"full\" alignment=\"center\" qode_css_animation=\"\"][vc_column_text el_class=\"ponuky-title\"]Mur\u00e1ny-i tutajoz\u00e1s[\/vc_column_text][vc_column_text el_class=\"ponuky-text\"]A Mur\u00e1ny-i tutajoz\u00e1s ide\u00e1lis v\u00edzit\u00far\u00e1s kezd\u00e9s. A tapasztalatlan kajakosok \u00e9s a gyerekes csal\u00e1dok, akiknek legal\u00e1bbis csek\u00e9ly vagy semmilyen tapasztalatuk nincs a tutajoz\u00e1s ter\u00e9n, garant\u00e1ltan \u00e9rt\u00e9kelni fogj\u00e1k a foly\u00f3 nyugodt viz\u00e9t.[\/vc_column_text][vc_empty_space]<a  itemprop=\"url\" href=\"\/splav-muranky\/\" target=\"_self\" data-hover-color=\"#ffffff\" class=\"qbutton  medium default\" style=\"color: #001689; border-color: #001689; \">Tudj meg t\u00f6bbet<\/a>[vc_empty_space][\/qode_elements_holder_item][\/qode_elements_holder][vc_empty_space][\/vc_column_inner][\/vc_row_inner][\/vc_column][\/vc_row][\/vc_column_text][\/vc_column][\/vc_row]<\/p>\n<\/div>","protected":false},"excerpt":{"rendered":"<p>[vc_row css_animation=&#8221;&#8221; row_type=&#8221;row&#8221; use_row_as_full_screen_section=&#8221;no&#8221; type=&#8221;full_width&#8221; angled_section=&#8221;no&#8221; text_align=&#8221;left&#8221; background_image=&#8221;10693&#8243; background_image_as_pattern=&#8221;without_pattern&#8221; el_id=&#8221;top-image&#8221; z_index=&#8221;&#8221;][vc_column][\/vc_column][\/vc_row][vc_row css_animation=&#8221;&#8221; row_type=&#8221;row&#8221; use_row_as_full_screen_section=&#8221;no&#8221; type=&#8221;grid&#8221; angled_section=&#8221;no&#8221; text_align=&#8221;left&#8221; background_image_as_pattern=&#8221;without_pattern&#8221; background_color=&#8221;#ffffff&#8221; z_index=&#8221;&#8221;][vc_column width=&#8221;1\/6&#8243; el_class=&#8221;detail-top&#8221;][\/vc_column][vc_column width=&#8221;2\/3&#8243; el_class=&#8221;detail-top&#8221;][vc_empty_space height=&#8221;80&#8243;][vc_column_text] Garam evez\u00e9s &#8211; fels\u0151 szakasz [\/vc_column_text][vc_empty_space height=&#8221;35px&#8221;][vc_column_text]A v\u00edzit\u00far\u00e1z\u00f3k \u00e1ltal legkeresettebb szakaszon kisebb v\u00edzi m\u0171t\u00e1rgyak v\u00e1rj\u00e1k \u00f6n\u00f6ket, amelyek gond n\u00e9lk\u00fcl j\u00e1rhat\u00f3k&#8230;.<\/p>\n","protected":false},"author":10,"featured_media":0,"parent":0,"menu_order":0,"comment_status":"closed","ping_status":"closed","template":"full_width.php","meta":{"inline_featured_image":false,"footnotes":""},"class_list":["post-54109","page","type-page","status-publish","hentry"],"yoast_head":"<!-- This site is optimized with the Yoast SEO plugin v25.0 - https:\/\/yoast.com\/wordpress\/plugins\/seo\/ -->\n<title>Garam evez\u00e9s - fels\u0151 szakasz - Za horami, za dolami v Banskobystrickom kraji<\/title>\n<meta name=\"robots\" content=\"index, follow, max-snippet:-1, max-image-preview:large, max-video-preview:-1\" \/>\n<link rel=\"canonical\" href=\"https:\/\/zahoramizadolami.sk\/hu\/garam-evezes-felso-szakasz\/\" \/>\n<meta property=\"og:locale\" content=\"hu_HU\" \/>\n<meta property=\"og:type\" content=\"article\" \/>\n<meta property=\"og:title\" content=\"Garam evez\u00e9s - fels\u0151 szakasz - Za horami, za dolami v Banskobystrickom kraji\" \/>\n<meta property=\"og:description\" content=\"[vc_row css_animation=&#8221;&#8221; row_type=&#8221;row&#8221; use_row_as_full_screen_section=&#8221;no&#8221; type=&#8221;full_width&#8221; angled_section=&#8221;no&#8221; text_align=&#8221;left&#8221; background_image=&#8221;10693&#8243; background_image_as_pattern=&#8221;without_pattern&#8221; el_id=&#8221;top-image&#8221; z_index=&#8221;&#8221;][vc_column][\/vc_column][\/vc_row][vc_row css_animation=&#8221;&#8221; row_type=&#8221;row&#8221; use_row_as_full_screen_section=&#8221;no&#8221; type=&#8221;grid&#8221; angled_section=&#8221;no&#8221; text_align=&#8221;left&#8221; background_image_as_pattern=&#8221;without_pattern&#8221; background_color=&#8221;#ffffff&#8221; z_index=&#8221;&#8221;][vc_column width=&#8221;1\/6&#8243; el_class=&#8221;detail-top&#8221;][\/vc_column][vc_column width=&#8221;2\/3&#8243; el_class=&#8221;detail-top&#8221;][vc_empty_space height=&#8221;80&#8243;][vc_column_text] Garam evez\u00e9s &#8211; fels\u0151 szakasz [\/vc_column_text][vc_empty_space height=&#8221;35px&#8221;][vc_column_text]A v\u00edzit\u00far\u00e1z\u00f3k \u00e1ltal legkeresettebb szakaszon kisebb v\u00edzi m\u0171t\u00e1rgyak v\u00e1rj\u00e1k \u00f6n\u00f6ket, amelyek gond n\u00e9lk\u00fcl j\u00e1rhat\u00f3k....\" \/>\n<meta property=\"og:url\" content=\"https:\/\/zahoramizadolami.sk\/hu\/garam-evezes-felso-szakasz\/\" \/>\n<meta property=\"og:site_name\" content=\"Za horami, za dolami v Banskobystrickom kraji\" \/>\n<meta property=\"article:publisher\" content=\"https:\/\/www.facebook.com\/zahoramizadolami.sk\/\" \/>\n<meta property=\"article:modified_time\" content=\"2026-08-15T20:10:17+00:00\" \/>\n<meta name=\"twitter:card\" content=\"summary_large_image\" \/>\n<meta name=\"twitter:label1\" content=\"Becs\u00fclt olvas\u00e1si id\u0151\" \/>\n\t<meta name=\"twitter:data1\" content=\"6 perc\" \/>\n<script type=\"application\/ld+json\" class=\"yoast-schema-graph\">{\"@context\":\"https:\/\/schema.org\",\"@graph\":[{\"@type\":\"WebPage\",\"@id\":\"https:\/\/zahoramizadolami.sk\/hu\/garam-evezes-felso-szakasz\/\",\"url\":\"https:\/\/zahoramizadolami.sk\/hu\/garam-evezes-felso-szakasz\/\",\"name\":\"Garam evez\u00e9s - fels\u0151 szakasz - Za horami, za dolami v Banskobystrickom kraji\",\"isPartOf\":{\"@id\":\"https:\/\/zahoramizadolami.sk\/hu\/#website\"},\"datePublished\":\"2020-08-11T21:03:40+00:00\",\"dateModified\":\"2026-08-15T20:10:17+00:00\",\"breadcrumb\":{\"@id\":\"https:\/\/zahoramizadolami.sk\/hu\/garam-evezes-felso-szakasz\/#breadcrumb\"},\"inLanguage\":\"hu\",\"potentialAction\":[{\"@type\":\"ReadAction\",\"target\":[\"https:\/\/zahoramizadolami.sk\/hu\/garam-evezes-felso-szakasz\/\"]}]},{\"@type\":\"BreadcrumbList\",\"@id\":\"https:\/\/zahoramizadolami.sk\/hu\/garam-evezes-felso-szakasz\/#breadcrumb\",\"itemListElement\":[{\"@type\":\"ListItem\",\"position\":1,\"name\":\"Home\",\"item\":\"https:\/\/zahoramizadolami.sk\/hu\/\"},{\"@type\":\"ListItem\",\"position\":2,\"name\":\"Garam evez\u00e9s &#8211; fels\u0151 szakasz\"}]},{\"@type\":\"WebSite\",\"@id\":\"https:\/\/zahoramizadolami.sk\/hu\/#website\",\"url\":\"https:\/\/zahoramizadolami.sk\/hu\/\",\"name\":\"Za horami, za dolami v Banskobystrickom kraji\",\"description\":\"Za horami, za dolami, bol raz jeden Banskobystrick\u00fd kraj.\",\"potentialAction\":[{\"@type\":\"SearchAction\",\"target\":{\"@type\":\"EntryPoint\",\"urlTemplate\":\"https:\/\/zahoramizadolami.sk\/hu\/?s={search_term_string}\"},\"query-input\":{\"@type\":\"PropertyValueSpecification\",\"valueRequired\":true,\"valueName\":\"search_term_string\"}}],\"inLanguage\":\"hu\"}]}<\/script>\n<!-- \/ Yoast SEO plugin. -->","yoast_head_json":{"title":"Garam evez\u00e9s - fels\u0151 szakasz - Za horami, za dolami v Banskobystrickom kraji","robots":{"index":"index","follow":"follow","max-snippet":"max-snippet:-1","max-image-preview":"max-image-preview:large","max-video-preview":"max-video-preview:-1"},"canonical":"https:\/\/zahoramizadolami.sk\/hu\/garam-evezes-felso-szakasz\/","og_locale":"hu_HU","og_type":"article","og_title":"Garam evez\u00e9s - fels\u0151 szakasz - Za horami, za dolami v Banskobystrickom kraji","og_description":"[vc_row css_animation=&#8221;&#8221; row_type=&#8221;row&#8221; use_row_as_full_screen_section=&#8221;no&#8221; type=&#8221;full_width&#8221; angled_section=&#8221;no&#8221; text_align=&#8221;left&#8221; background_image=&#8221;10693&#8243; background_image_as_pattern=&#8221;without_pattern&#8221; el_id=&#8221;top-image&#8221; z_index=&#8221;&#8221;][vc_column][\/vc_column][\/vc_row][vc_row css_animation=&#8221;&#8221; row_type=&#8221;row&#8221; use_row_as_full_screen_section=&#8221;no&#8221; type=&#8221;grid&#8221; angled_section=&#8221;no&#8221; text_align=&#8221;left&#8221; background_image_as_pattern=&#8221;without_pattern&#8221; background_color=&#8221;#ffffff&#8221; z_index=&#8221;&#8221;][vc_column width=&#8221;1\/6&#8243; el_class=&#8221;detail-top&#8221;][\/vc_column][vc_column width=&#8221;2\/3&#8243; el_class=&#8221;detail-top&#8221;][vc_empty_space height=&#8221;80&#8243;][vc_column_text] Garam evez\u00e9s &#8211; fels\u0151 szakasz [\/vc_column_text][vc_empty_space height=&#8221;35px&#8221;][vc_column_text]A v\u00edzit\u00far\u00e1z\u00f3k \u00e1ltal legkeresettebb szakaszon kisebb v\u00edzi m\u0171t\u00e1rgyak v\u00e1rj\u00e1k \u00f6n\u00f6ket, amelyek gond n\u00e9lk\u00fcl j\u00e1rhat\u00f3k....","og_url":"https:\/\/zahoramizadolami.sk\/hu\/garam-evezes-felso-szakasz\/","og_site_name":"Za horami, za dolami v Banskobystrickom kraji","article_publisher":"https:\/\/www.facebook.com\/zahoramizadolami.sk\/","article_modified_time":"2026-08-15T20:10:17+00:00","twitter_card":"summary_large_image","twitter_misc":{"Becs\u00fclt olvas\u00e1si id\u0151":"6 perc"},"schema":{"@context":"https:\/\/schema.org","@graph":[{"@type":"WebPage","@id":"https:\/\/zahoramizadolami.sk\/hu\/garam-evezes-felso-szakasz\/","url":"https:\/\/zahoramizadolami.sk\/hu\/garam-evezes-felso-szakasz\/","name":"Garam evez\u00e9s - fels\u0151 szakasz - Za horami, za dolami v Banskobystrickom kraji","isPartOf":{"@id":"https:\/\/zahoramizadolami.sk\/hu\/#website"},"datePublished":"2020-08-11T21:03:40+00:00","dateModified":"2026-08-15T20:10:17+00:00","breadcrumb":{"@id":"https:\/\/zahoramizadolami.sk\/hu\/garam-evezes-felso-szakasz\/#breadcrumb"},"inLanguage":"hu","potentialAction":[{"@type":"ReadAction","target":["https:\/\/zahoramizadolami.sk\/hu\/garam-evezes-felso-szakasz\/"]}]},{"@type":"BreadcrumbList","@id":"https:\/\/zahoramizadolami.sk\/hu\/garam-evezes-felso-szakasz\/#breadcrumb","itemListElement":[{"@type":"ListItem","position":1,"name":"Home","item":"https:\/\/zahoramizadolami.sk\/hu\/"},{"@type":"ListItem","position":2,"name":"Garam evez\u00e9s &#8211; fels\u0151 szakasz"}]},{"@type":"WebSite","@id":"https:\/\/zahoramizadolami.sk\/hu\/#website","url":"https:\/\/zahoramizadolami.sk\/hu\/","name":"Za horami, za dolami v Banskobystrickom kraji","description":"Za horami, za dolami, bol raz jeden Banskobystrick\u00fd kraj.","potentialAction":[{"@type":"SearchAction","target":{"@type":"EntryPoint","urlTemplate":"https:\/\/zahoramizadolami.sk\/hu\/?s={search_term_string}"},"query-input":{"@type":"PropertyValueSpecification","valueRequired":true,"valueName":"search_term_string"}}],"inLanguage":"hu"}]}},"_links":{"self":[{"href":"https:\/\/zahoramizadolami.sk\/hu\/wp-json\/wp\/v2\/pages\/54109","targetHints":{"allow":["GET"]}}],"collection":[{"href":"https:\/\/zahoramizadolami.sk\/hu\/wp-json\/wp\/v2\/pages"}],"about":[{"href":"https:\/\/zahoramizadolami.sk\/hu\/wp-json\/wp\/v2\/types\/page"}],"author":[{"embeddable":true,"href":"https:\/\/zahoramizadolami.sk\/hu\/wp-json\/wp\/v2\/users\/10"}],"replies":[{"embeddable":true,"href":"https:\/\/zahoramizadolami.sk\/hu\/wp-json\/wp\/v2\/comments?post=54109"}],"version-history":[{"count":17,"href":"https:\/\/zahoramizadolami.sk\/hu\/wp-json\/wp\/v2\/pages\/54109\/revisions"}],"predecessor-version":[{"id":54277,"href":"https:\/\/zahoramizadolami.sk\/hu\/wp-json\/wp\/v2\/pages\/54109\/revisions\/54277"}],"wp:attachment":[{"href":"https:\/\/zahoramizadolami.sk\/hu\/wp-json\/wp\/v2\/media?parent=54109"}],"curies":[{"name":"wp","href":"https:\/\/api.w.org\/{rel}","templated":true}]}}