{"id":54751,"date":"2024-07-18T22:50:16","date_gmt":"2024-07-18T20:50:16","guid":{"rendered":"https:\/\/zahoramizadolami.sk\/a-hosiesseg-es-az-emlekezet-utja-az-sznf-nyomaban-a-besztercebanyai-keruletben\/"},"modified":"2026-08-17T13:08:57","modified_gmt":"2026-08-17T11:08:57","slug":"a-hosiesseg-es-az-emlekezet-utja-az-sznf-nyomaban-a-besztercebanyai-keruletben","status":"publish","type":"page","link":"https:\/\/zahoramizadolami.sk\/hu\/a-hosiesseg-es-az-emlekezet-utja-az-sznf-nyomaban-a-besztercebanyai-keruletben\/","title":{"rendered":"A h\u0151siess\u00e9g \u00e9s az eml\u00e9kezet \u00fatja &#8211; az SZNF nyom\u00e1ban a Beszterceb\u00e1nyai ker\u00fcletben"},"content":{"rendered":"<div class=\"wpb-content-wrapper\"><p>[vc_row css_animation=&#8221;&#8221; row_type=&#8221;row&#8221; use_row_as_full_screen_section=&#8221;no&#8221; type=&#8221;full_width&#8221; angled_section=&#8221;no&#8221; text_align=&#8221;left&#8221; background_image=&#8221;47711&#8243; background_image_as_pattern=&#8221;without_pattern&#8221; el_id=&#8221;top-image&#8221; z_index=&#8221;&#8221;][vc_column][\/vc_column][\/vc_row][vc_row css_animation=&#8221;&#8221; row_type=&#8221;row&#8221; use_row_as_full_screen_section=&#8221;no&#8221; type=&#8221;grid&#8221; angled_section=&#8221;no&#8221; text_align=&#8221;left&#8221; background_image_as_pattern=&#8221;without_pattern&#8221; background_color=&#8221;#ffffff&#8221; z_index=&#8221;&#8221;][vc_column width=&#8221;1\/6&#8243; el_class=&#8221;detail-top&#8221;][\/vc_column][vc_column width=&#8221;2\/3&#8243; el_class=&#8221;detail-top&#8221;][vc_empty_space height=&#8221;80&#8243;][vc_column_text]<\/p>\n<h1>A h\u0151siess\u00e9g \u00e9s az eml\u00e9kezet \u00fatja &#8211; az SZNF nyom\u00e1ban a Beszterceb\u00e1nyai ker\u00fcletben<\/h1>\n<p>[\/vc_column_text][vc_empty_space height=&#8221;35px&#8221;][vc_column_text]A Szlov\u00e1k Nemzeti Felkel\u00e9s (SZNF) 1944.8.29-\u00e9n nem sokkal 20.00 \u00f3ra ut\u00e1n kezd\u0151d\u00f6tt Beszterceb\u00e1ny\u00e1n, a Beszterceb\u00e1nyai ker\u00fclet sz\u00edv\u00e9ben, amikor J\u00e1n Golian kiadta a &#8222;Kezdj\u00e9k meg a kik\u00f6lt\u00f6ztet\u00e9st&#8221; jelsz\u00f3t.<\/p>\n<p>&nbsp;<\/p>\n<p>Ett\u0151l a pillanatt\u00f3l kezdve a Beszterceb\u00e1nyai ker\u00fclet sz\u00e1mos helysz\u00edne v\u00e1lt a 2. vil\u00e1gh\u00e1bor\u00fa (1939 &#8211; 1945) e jelent\u0151s m\u00e9rf\u00f6ldk\u00f6v\u00e9nek h\u0151si tettei \u00e9s tragikus esem\u00e9nyei tan\u00faj\u00e1v\u00e1. J\u00e1rja be az SZNF nyomait az egyes r\u00e9gi\u00f3kban, \u00e9s ismerje meg a t\u00f6rt\u00e9nelem mozaikdarabjait m\u00fazeumokon, eml\u00e9km\u0171veken \u00e9s kegyeleti helysz\u00edneken kereszt\u00fcl, amelyek s\u0171r\u0171n elsz\u00f3rva tal\u00e1lhat\u00f3k az eg\u00e9sz ker\u00fcletben.<\/p>\n<p>&nbsp;<\/p>\n<p>Mindj\u00e1rt a felkel\u00e9s k\u00f6zpontj\u00e1ban \u00e9s az ellen\u00e1ll\u00e1s jelk\u00e9p\u00e9ben &#8211; Beszterceb\u00e1ny\u00e1n \u00e1tfog\u00f3 k\u00e9pet kaphat az esem\u00e9nyekr\u0151l a felkel\u00e9s el\u0151k\u00e9sz\u00fcleteit\u0151l eg\u00e9szen annak lever\u00e9s\u00e9ig az ikonikus SZNF M\u00fazeumban. Induljon el azokba a fel\u00e9getett falvakba, amelyek \u00e1t\u00e9lt\u00e9k a tombol\u00f3 er\u0151szak borzalmait, \u00e9s amelyekbe ennek ellen\u00e9re visszat\u00e9rt az \u00e9let.<\/p>\n<p>&nbsp;<\/p>\n<p>A Beszterceb\u00e1nyai ker\u00fcletben tett gyalogos vagy ker\u00e9kp\u00e1ros kir\u00e1ndul\u00e1sai tervez\u00e9sekor l\u00e1togassa meg az eml\u00e9khelyeket \u00e9s eml\u00e9km\u0171veket, amelyek k\u00f6z\u00fcl sok nemzeti kultur\u00e1lis eml\u00e9k, valamint az SZNF sor\u00e1n elesettek kr\u00f3nik\u00e1ja is egyben. A bunkerek, partiz\u00e1nkunyh\u00f3k vagy v\u00e9delmi er\u0151d\u00edt\u00e9sek maradv\u00e1nyai hiteles mement\u00f3i a zaklatott partiz\u00e1nharcoknak \u00e9s a tragikus megtorl\u00e1soknak.<\/p>\n<p>&nbsp;<\/p>\n<p>A Beszterceb\u00e1nyai ker\u00fclet szorosan \u00f6sszefon\u00f3dik a Szlov\u00e1k Nemzeti Felkel\u00e9s t\u00f6rt\u00e9nelmi esem\u00e9nyeivel. Megismer\u00e9s\u00fck alkalmat ad arra, hogy tudatos\u00edtsuk azok h\u0151siess\u00e9g\u00e9t \u00e9s elsz\u00e1nts\u00e1g\u00e1t, akik ezeken a helyeken a szabads\u00e1g\u00e9rt \u00e9s a demokr\u00e1ci\u00e1\u00e9rt harcoltak. \u00c9s bizonyosan eml\u00e9keztet\u0151 a h\u00e1bor\u00fa borzalmaira \u00e9s a b\u00e9ke fontoss\u00e1g\u00e1ra is.<\/p>\n<p>&nbsp;<\/p>\n<p>Ismerje meg a Beszterceb\u00e1nyai ker\u00fclet t\u00f6rt\u00e9nelm\u00e9nek ezt a r\u00e9sz\u00e9t is, \u00e9s induljon el az SZNF nyom\u00e1ban[\/vc_column_text][vc_empty_space height=&#8221;40px&#8221;][\/vc_column][vc_column width=&#8221;1\/6&#8243; el_class=&#8221;detail-top&#8221;][\/vc_column][\/vc_row][vc_row css_animation=&#8221;&#8221; row_type=&#8221;row&#8221; use_row_as_full_screen_section=&#8221;no&#8221; type=&#8221;full_width&#8221; angled_section=&#8221;no&#8221; text_align=&#8221;left&#8221; background_image_as_pattern=&#8221;without_pattern&#8221;][vc_column width=&#8221;1\/6&#8243;][\/vc_column][vc_column width=&#8221;2\/3&#8243;][vc_empty_space height=&#8221;100&#8243;][\/vc_column][vc_column width=&#8221;1\/6&#8243;][\/vc_column][\/vc_row][vc_row css_animation=&#8221;&#8221; row_type=&#8221;row&#8221; use_row_as_full_screen_section=&#8221;no&#8221; type=&#8221;full_width&#8221; angled_section=&#8221;no&#8221; text_align=&#8221;left&#8221; background_image_as_pattern=&#8221;without_pattern&#8221; z_index=&#8221;1&#8243;][vc_column][vc_gallery type=&#8221;image_grid&#8221; images=&#8221;47657,47669,47672,47675,47681,47684,47687,47699,47702,47663&#8243; img_size=&#8221;400&#215;250&#8243; column_number=&#8221;5&#8243; grayscale=&#8221;no&#8221; images_space=&#8221;gallery_without_space&#8221; el_class=&#8221;gallery-divider&#8221;][\/vc_column][\/vc_row][vc_row css_animation=&#8221;&#8221; row_type=&#8221;row&#8221; use_row_as_full_screen_section=&#8221;no&#8221; type=&#8221;full_width&#8221; angled_section=&#8221;no&#8221; text_align=&#8221;left&#8221; background_image_as_pattern=&#8221;without_pattern&#8221;][vc_column][vc_empty_space height=&#8221;100&#8243;][\/vc_column][\/vc_row][vc_row css_animation=&#8221;&#8221; row_type=&#8221;row&#8221; use_row_as_full_screen_section=&#8221;no&#8221; type=&#8221;full_width&#8221; angled_section=&#8221;no&#8221; text_align=&#8221;left&#8221; background_image_as_pattern=&#8221;without_pattern&#8221; z_index=&#8221;1&#8243;][vc_column][vc_column_text][vc_row css_animation=\"\" row_type=\"row\" use_row_as_full_screen_section=\"no\" type=\"grid\" angled_section=\"no\" text_align=\"left\" background_image_as_pattern=\"without_pattern\" padding_bottom=\"50\" z_index=\"\"][vc_column][vc_column_text css=\".vc_custom_1660142721372{padding-bottom: 50px !important;}\" el_class=\"title-with-image\"]\r\n<h2>Ez is \u00e9rdekelheti \u00d6nt<\/h2>\r\n[\/vc_column_text][vc_empty_space height=\"40\"][vc_row_inner row_type=\"row\" type=\"full_width\" text_align=\"left\" css_animation=\"\"][vc_column_inner width=\"1\/4\"][qode_elements_holder number_of_columns=\"one_column\"][qode_elements_holder_item vertical_alignment=\"top\" horizontal_alignment=\"center\" advanced_animations=\"no\" custom_class=\"top-zazitky green\"][vc_column_text el_class=\"ponuky-region green\"]<strong>Akt\u00edv ny\u00e1r<\/strong>[\/vc_column_text][vc_single_image image=\"43763\" img_size=\"full\" alignment=\"center\" qode_css_animation=\"\"][vc_column_text el_class=\"ponuky-title\"]Itt az ideje az \u00faj \u00e9lm\u00e9nyeknek[\/vc_column_text][vc_column_text el_class=\"ponuky-text\"]T\u00f6ltse meg \u00e9rz\u00e9keit teljesen. L\u00e1togasson el a hegyekbe, sz\u00e1lljon v\u00edzre a foly\u00f3kon, fedezze fel a felfedezetlent, de legf\u0151k\u00e9ppen \u00e9lvezze az AKT\u00cdV NYARAT![\/vc_column_text][vc_empty_space]<a  itemprop=\"url\" href=\"\/akcne-leto\/\" target=\"_self\" data-hover-color=\"#ffffff\" class=\"qbutton  medium default\" style=\"color: #001689; border-color: #001689; \">Tudj meg t\u00f6bbet &gt;&gt;<\/a>[vc_empty_space][\/qode_elements_holder_item][\/qode_elements_holder][vc_empty_space][\/vc_column_inner][vc_column_inner width=\"1\/4\"][qode_elements_holder number_of_columns=\"one_column\"][qode_elements_holder_item vertical_alignment=\"top\" horizontal_alignment=\"center\" advanced_animations=\"no\" custom_class=\"top-zazitky darkblue\"][vc_column_text el_class=\"ponuky-region darkblue\"]<strong>Tal\u00e1ld meg a KEDVENCEDET<\/strong>[\/vc_column_text][vc_single_image image=\"43766\" img_size=\"full\" alignment=\"center\" qode_css_animation=\"\"][vc_column_text el_class=\"ponuky-title\"]Foglald le az \u00e9lm\u00e9nyt[\/vc_column_text][vc_column_text el_class=\"ponuky-text\"]A Beszterceb\u00e1nyai ker\u00fcletben mindenkire v\u00e1r a KEDVENCE. Megvan m\u00e1r a saj\u00e1tod? Fedezd fel, \u00e9s aj\u00e1nd\u00e9kozd meg magad egy rendhagy\u00f3 \u00e9lm\u00e9nnyel.[\/vc_column_text][vc_empty_space]<a  itemprop=\"url\" href=\"https:\/\/zazitky.zahoramizadolami.sk\/sk\/zazitky\" target=\"_self\" data-hover-color=\"#ffffff\" class=\"qbutton  medium default\" style=\"color: #001689; border-color: #001689; \">Tudj meg t\u00f6bbet &gt;&gt;<\/a>[vc_empty_space][\/qode_elements_holder_item][\/qode_elements_holder][vc_empty_space][\/vc_column_inner][vc_column_inner width=\"1\/4\"][qode_elements_holder number_of_columns=\"one_column\"][qode_elements_holder_item vertical_alignment=\"top\" horizontal_alignment=\"center\" advanced_animations=\"no\" custom_class=\"top-zazitky pink\"][vc_column_text el_class=\"ponuky-region pink\"]<strong>Region\u00e1lis pultok<\/strong>[\/vc_column_text][vc_single_image image=\"44479\" img_size=\"full\" alignment=\"center\" qode_css_animation=\"\"][vc_column_text el_class=\"ponuky-title\"]Egyed\u00fcl\u00e1ll\u00f3 REGION\u00c1LIS term\u00e9kek[\/vc_column_text][vc_column_text el_class=\"ponuky-text\"]Fedezze fel a Beszterceb\u00e1nyai ker\u00fclet r\u00e9gi\u00f3iban k\u00e9sz\u00fclt egyed\u00fcl\u00e1ll\u00f3 term\u00e9keket, amelyek b\u00fcszk\u00e9n viselik a \u201eRegion\u00e1lis term\u00e9k\u201d min\u0151s\u00e9gi v\u00e9djegyet.[\/vc_column_text][vc_empty_space]<a  itemprop=\"url\" href=\"https:\/\/www.regionalnepulty.sk\/\" target=\"_blank\" data-hover-color=\"#ffffff\" class=\"qbutton  medium default\" style=\"color: #001689; border-color: #001689; \">Tudj meg t\u00f6bbet &gt;&gt;<\/a>[vc_empty_space][\/qode_elements_holder_item][\/qode_elements_holder][vc_empty_space][\/vc_column_inner][vc_column_inner width=\"1\/4\"][qode_elements_holder number_of_columns=\"one_column\"][qode_elements_holder_item vertical_alignment=\"top\" horizontal_alignment=\"center\" advanced_animations=\"no\" custom_class=\"top-zazitky blue\"][vc_column_text el_class=\"ponuky-region blue\"]<strong>Web\u00e1ruh\u00e1z<\/strong>[\/vc_column_text][vc_single_image image=\"44482\" img_size=\"full\" alignment=\"center\" qode_css_animation=\"\"][vc_column_text el_class=\"ponuky-title\"]Za horami za dolami\r\nWeb\u00e1ruh\u00e1z[\/vc_column_text][vc_column_text el_class=\"ponuky-text\"]\u00c9lm\u00e9nyek\u00e9rt\r\n\r\na Za horami za dolami r\u00e9gi\u00f3ban szerelkezzen fel st\u00edlusos kieg\u00e9sz\u00edt\u0151kkel,\r\n\r\namelyeket mindenki \u00e9szrevesz.[\/vc_column_text][vc_empty_space]<a  itemprop=\"url\" href=\"https:\/\/zazitky.zahoramizadolami.sk\/sk\/eshop\" target=\"_self\" data-hover-color=\"#ffffff\" class=\"qbutton  medium default\" style=\"color: #001689; border-color: #001689; \">Tudj meg t\u00f6bbet &gt;&gt;<\/a>[vc_empty_space][\/qode_elements_holder_item][\/qode_elements_holder][vc_empty_space][\/vc_column_inner][\/vc_row_inner][vc_empty_space][\/vc_column][\/vc_row][\/vc_column_text][\/vc_column][\/vc_row][vc_row css_animation=&#8221;&#8221; row_type=&#8221;row&#8221; use_row_as_full_screen_section=&#8221;no&#8221; type=&#8221;full_width&#8221; angled_section=&#8221;no&#8221; text_align=&#8221;left&#8221; background_image_as_pattern=&#8221;without_pattern&#8221; z_index=&#8221;&#8221;][vc_column][vc_column_text][\/vc_column_text][\/vc_column][\/vc_row]<\/p>\n<\/div>","protected":false},"excerpt":{"rendered":"<p>[vc_row css_animation=&#8221;&#8221; row_type=&#8221;row&#8221; use_row_as_full_screen_section=&#8221;no&#8221; type=&#8221;full_width&#8221; angled_section=&#8221;no&#8221; text_align=&#8221;left&#8221; background_image=&#8221;47711&#8243; background_image_as_pattern=&#8221;without_pattern&#8221; el_id=&#8221;top-image&#8221; z_index=&#8221;&#8221;][vc_column][\/vc_column][\/vc_row][vc_row css_animation=&#8221;&#8221; row_type=&#8221;row&#8221; use_row_as_full_screen_section=&#8221;no&#8221; type=&#8221;grid&#8221; angled_section=&#8221;no&#8221; text_align=&#8221;left&#8221; background_image_as_pattern=&#8221;without_pattern&#8221; background_color=&#8221;#ffffff&#8221; z_index=&#8221;&#8221;][vc_column width=&#8221;1\/6&#8243; el_class=&#8221;detail-top&#8221;][\/vc_column][vc_column width=&#8221;2\/3&#8243; el_class=&#8221;detail-top&#8221;][vc_empty_space height=&#8221;80&#8243;][vc_column_text] A h\u0151siess\u00e9g \u00e9s az eml\u00e9kezet \u00fatja &#8211; az SZNF nyom\u00e1ban a Beszterceb\u00e1nyai ker\u00fcletben [\/vc_column_text][vc_empty_space height=&#8221;35px&#8221;][vc_column_text]A Szlov\u00e1k Nemzeti Felkel\u00e9s (SZNF) 1944.8.29-\u00e9n&#8230;<\/p>\n","protected":false},"author":10,"featured_media":0,"parent":0,"menu_order":0,"comment_status":"closed","ping_status":"closed","template":"full_width.php","meta":{"inline_featured_image":false,"footnotes":""},"class_list":["post-54751","page","type-page","status-publish","hentry"],"yoast_head":"<!-- This site is optimized with the Yoast SEO plugin v25.0 - https:\/\/yoast.com\/wordpress\/plugins\/seo\/ -->\n<title>A h\u0151siess\u00e9g \u00e9s az eml\u00e9kezet \u00fatja - az SZNF nyom\u00e1ban a Beszterceb\u00e1nyai ker\u00fcletben - Za horami, za dolami v Banskobystrickom kraji<\/title>\n<meta name=\"robots\" content=\"index, follow, max-snippet:-1, max-image-preview:large, max-video-preview:-1\" \/>\n<link rel=\"canonical\" href=\"https:\/\/zahoramizadolami.sk\/hu\/a-hosiesseg-es-az-emlekezet-utja-az-sznf-nyomaban-a-besztercebanyai-keruletben\/\" \/>\n<meta property=\"og:locale\" content=\"hu_HU\" \/>\n<meta property=\"og:type\" content=\"article\" \/>\n<meta property=\"og:title\" content=\"A h\u0151siess\u00e9g \u00e9s az eml\u00e9kezet \u00fatja - az SZNF nyom\u00e1ban a Beszterceb\u00e1nyai ker\u00fcletben - Za horami, za dolami v Banskobystrickom kraji\" \/>\n<meta property=\"og:description\" content=\"[vc_row css_animation=&#8221;&#8221; row_type=&#8221;row&#8221; use_row_as_full_screen_section=&#8221;no&#8221; type=&#8221;full_width&#8221; angled_section=&#8221;no&#8221; text_align=&#8221;left&#8221; background_image=&#8221;47711&#8243; background_image_as_pattern=&#8221;without_pattern&#8221; el_id=&#8221;top-image&#8221; z_index=&#8221;&#8221;][vc_column][\/vc_column][\/vc_row][vc_row css_animation=&#8221;&#8221; row_type=&#8221;row&#8221; use_row_as_full_screen_section=&#8221;no&#8221; type=&#8221;grid&#8221; angled_section=&#8221;no&#8221; text_align=&#8221;left&#8221; background_image_as_pattern=&#8221;without_pattern&#8221; background_color=&#8221;#ffffff&#8221; z_index=&#8221;&#8221;][vc_column width=&#8221;1\/6&#8243; el_class=&#8221;detail-top&#8221;][\/vc_column][vc_column width=&#8221;2\/3&#8243; el_class=&#8221;detail-top&#8221;][vc_empty_space height=&#8221;80&#8243;][vc_column_text] A h\u0151siess\u00e9g \u00e9s az eml\u00e9kezet \u00fatja &#8211; az SZNF nyom\u00e1ban a Beszterceb\u00e1nyai ker\u00fcletben [\/vc_column_text][vc_empty_space height=&#8221;35px&#8221;][vc_column_text]A Szlov\u00e1k Nemzeti Felkel\u00e9s (SZNF) 1944.8.29-\u00e9n...\" \/>\n<meta property=\"og:url\" content=\"https:\/\/zahoramizadolami.sk\/hu\/a-hosiesseg-es-az-emlekezet-utja-az-sznf-nyomaban-a-besztercebanyai-keruletben\/\" \/>\n<meta property=\"og:site_name\" content=\"Za horami, za dolami v Banskobystrickom kraji\" \/>\n<meta property=\"article:publisher\" content=\"https:\/\/www.facebook.com\/zahoramizadolami.sk\/\" \/>\n<meta property=\"article:modified_time\" content=\"2026-08-17T11:08:57+00:00\" \/>\n<meta name=\"twitter:card\" content=\"summary_large_image\" \/>\n<meta name=\"twitter:label1\" content=\"Becs\u00fclt olvas\u00e1si id\u0151\" \/>\n\t<meta name=\"twitter:data1\" content=\"4 perc\" \/>\n<script type=\"application\/ld+json\" class=\"yoast-schema-graph\">{\"@context\":\"https:\/\/schema.org\",\"@graph\":[{\"@type\":\"WebPage\",\"@id\":\"https:\/\/zahoramizadolami.sk\/hu\/a-hosiesseg-es-az-emlekezet-utja-az-sznf-nyomaban-a-besztercebanyai-keruletben\/\",\"url\":\"https:\/\/zahoramizadolami.sk\/hu\/a-hosiesseg-es-az-emlekezet-utja-az-sznf-nyomaban-a-besztercebanyai-keruletben\/\",\"name\":\"A h\u0151siess\u00e9g \u00e9s az eml\u00e9kezet \u00fatja - az SZNF nyom\u00e1ban a Beszterceb\u00e1nyai ker\u00fcletben - Za horami, za dolami v Banskobystrickom kraji\",\"isPartOf\":{\"@id\":\"https:\/\/zahoramizadolami.sk\/hu\/#website\"},\"datePublished\":\"2024-07-18T20:50:16+00:00\",\"dateModified\":\"2026-08-17T11:08:57+00:00\",\"breadcrumb\":{\"@id\":\"https:\/\/zahoramizadolami.sk\/hu\/a-hosiesseg-es-az-emlekezet-utja-az-sznf-nyomaban-a-besztercebanyai-keruletben\/#breadcrumb\"},\"inLanguage\":\"hu\",\"potentialAction\":[{\"@type\":\"ReadAction\",\"target\":[\"https:\/\/zahoramizadolami.sk\/hu\/a-hosiesseg-es-az-emlekezet-utja-az-sznf-nyomaban-a-besztercebanyai-keruletben\/\"]}]},{\"@type\":\"BreadcrumbList\",\"@id\":\"https:\/\/zahoramizadolami.sk\/hu\/a-hosiesseg-es-az-emlekezet-utja-az-sznf-nyomaban-a-besztercebanyai-keruletben\/#breadcrumb\",\"itemListElement\":[{\"@type\":\"ListItem\",\"position\":1,\"name\":\"Home\",\"item\":\"https:\/\/zahoramizadolami.sk\/hu\/\"},{\"@type\":\"ListItem\",\"position\":2,\"name\":\"A h\u0151siess\u00e9g \u00e9s az eml\u00e9kezet \u00fatja &#8211; az SZNF nyom\u00e1ban a Beszterceb\u00e1nyai ker\u00fcletben\"}]},{\"@type\":\"WebSite\",\"@id\":\"https:\/\/zahoramizadolami.sk\/hu\/#website\",\"url\":\"https:\/\/zahoramizadolami.sk\/hu\/\",\"name\":\"Za horami, za dolami v Banskobystrickom kraji\",\"description\":\"Za horami, za dolami, bol raz jeden Banskobystrick\u00fd kraj.\",\"potentialAction\":[{\"@type\":\"SearchAction\",\"target\":{\"@type\":\"EntryPoint\",\"urlTemplate\":\"https:\/\/zahoramizadolami.sk\/hu\/?s={search_term_string}\"},\"query-input\":{\"@type\":\"PropertyValueSpecification\",\"valueRequired\":true,\"valueName\":\"search_term_string\"}}],\"inLanguage\":\"hu\"}]}<\/script>\n<!-- \/ Yoast SEO plugin. -->","yoast_head_json":{"title":"A h\u0151siess\u00e9g \u00e9s az eml\u00e9kezet \u00fatja - az SZNF nyom\u00e1ban a Beszterceb\u00e1nyai ker\u00fcletben - Za horami, za dolami v Banskobystrickom kraji","robots":{"index":"index","follow":"follow","max-snippet":"max-snippet:-1","max-image-preview":"max-image-preview:large","max-video-preview":"max-video-preview:-1"},"canonical":"https:\/\/zahoramizadolami.sk\/hu\/a-hosiesseg-es-az-emlekezet-utja-az-sznf-nyomaban-a-besztercebanyai-keruletben\/","og_locale":"hu_HU","og_type":"article","og_title":"A h\u0151siess\u00e9g \u00e9s az eml\u00e9kezet \u00fatja - az SZNF nyom\u00e1ban a Beszterceb\u00e1nyai ker\u00fcletben - Za horami, za dolami v Banskobystrickom kraji","og_description":"[vc_row css_animation=&#8221;&#8221; row_type=&#8221;row&#8221; use_row_as_full_screen_section=&#8221;no&#8221; type=&#8221;full_width&#8221; angled_section=&#8221;no&#8221; text_align=&#8221;left&#8221; background_image=&#8221;47711&#8243; background_image_as_pattern=&#8221;without_pattern&#8221; el_id=&#8221;top-image&#8221; z_index=&#8221;&#8221;][vc_column][\/vc_column][\/vc_row][vc_row css_animation=&#8221;&#8221; row_type=&#8221;row&#8221; use_row_as_full_screen_section=&#8221;no&#8221; type=&#8221;grid&#8221; angled_section=&#8221;no&#8221; text_align=&#8221;left&#8221; background_image_as_pattern=&#8221;without_pattern&#8221; background_color=&#8221;#ffffff&#8221; z_index=&#8221;&#8221;][vc_column width=&#8221;1\/6&#8243; el_class=&#8221;detail-top&#8221;][\/vc_column][vc_column width=&#8221;2\/3&#8243; el_class=&#8221;detail-top&#8221;][vc_empty_space height=&#8221;80&#8243;][vc_column_text] A h\u0151siess\u00e9g \u00e9s az eml\u00e9kezet \u00fatja &#8211; az SZNF nyom\u00e1ban a Beszterceb\u00e1nyai ker\u00fcletben [\/vc_column_text][vc_empty_space height=&#8221;35px&#8221;][vc_column_text]A Szlov\u00e1k Nemzeti Felkel\u00e9s (SZNF) 1944.8.29-\u00e9n...","og_url":"https:\/\/zahoramizadolami.sk\/hu\/a-hosiesseg-es-az-emlekezet-utja-az-sznf-nyomaban-a-besztercebanyai-keruletben\/","og_site_name":"Za horami, za dolami v Banskobystrickom kraji","article_publisher":"https:\/\/www.facebook.com\/zahoramizadolami.sk\/","article_modified_time":"2026-08-17T11:08:57+00:00","twitter_card":"summary_large_image","twitter_misc":{"Becs\u00fclt olvas\u00e1si id\u0151":"4 perc"},"schema":{"@context":"https:\/\/schema.org","@graph":[{"@type":"WebPage","@id":"https:\/\/zahoramizadolami.sk\/hu\/a-hosiesseg-es-az-emlekezet-utja-az-sznf-nyomaban-a-besztercebanyai-keruletben\/","url":"https:\/\/zahoramizadolami.sk\/hu\/a-hosiesseg-es-az-emlekezet-utja-az-sznf-nyomaban-a-besztercebanyai-keruletben\/","name":"A h\u0151siess\u00e9g \u00e9s az eml\u00e9kezet \u00fatja - az SZNF nyom\u00e1ban a Beszterceb\u00e1nyai ker\u00fcletben - Za horami, za dolami v Banskobystrickom kraji","isPartOf":{"@id":"https:\/\/zahoramizadolami.sk\/hu\/#website"},"datePublished":"2024-07-18T20:50:16+00:00","dateModified":"2026-08-17T11:08:57+00:00","breadcrumb":{"@id":"https:\/\/zahoramizadolami.sk\/hu\/a-hosiesseg-es-az-emlekezet-utja-az-sznf-nyomaban-a-besztercebanyai-keruletben\/#breadcrumb"},"inLanguage":"hu","potentialAction":[{"@type":"ReadAction","target":["https:\/\/zahoramizadolami.sk\/hu\/a-hosiesseg-es-az-emlekezet-utja-az-sznf-nyomaban-a-besztercebanyai-keruletben\/"]}]},{"@type":"BreadcrumbList","@id":"https:\/\/zahoramizadolami.sk\/hu\/a-hosiesseg-es-az-emlekezet-utja-az-sznf-nyomaban-a-besztercebanyai-keruletben\/#breadcrumb","itemListElement":[{"@type":"ListItem","position":1,"name":"Home","item":"https:\/\/zahoramizadolami.sk\/hu\/"},{"@type":"ListItem","position":2,"name":"A h\u0151siess\u00e9g \u00e9s az eml\u00e9kezet \u00fatja &#8211; az SZNF nyom\u00e1ban a Beszterceb\u00e1nyai ker\u00fcletben"}]},{"@type":"WebSite","@id":"https:\/\/zahoramizadolami.sk\/hu\/#website","url":"https:\/\/zahoramizadolami.sk\/hu\/","name":"Za horami, za dolami v Banskobystrickom kraji","description":"Za horami, za dolami, bol raz jeden Banskobystrick\u00fd kraj.","potentialAction":[{"@type":"SearchAction","target":{"@type":"EntryPoint","urlTemplate":"https:\/\/zahoramizadolami.sk\/hu\/?s={search_term_string}"},"query-input":{"@type":"PropertyValueSpecification","valueRequired":true,"valueName":"search_term_string"}}],"inLanguage":"hu"}]}},"_links":{"self":[{"href":"https:\/\/zahoramizadolami.sk\/hu\/wp-json\/wp\/v2\/pages\/54751","targetHints":{"allow":["GET"]}}],"collection":[{"href":"https:\/\/zahoramizadolami.sk\/hu\/wp-json\/wp\/v2\/pages"}],"about":[{"href":"https:\/\/zahoramizadolami.sk\/hu\/wp-json\/wp\/v2\/types\/page"}],"author":[{"embeddable":true,"href":"https:\/\/zahoramizadolami.sk\/hu\/wp-json\/wp\/v2\/users\/10"}],"replies":[{"embeddable":true,"href":"https:\/\/zahoramizadolami.sk\/hu\/wp-json\/wp\/v2\/comments?post=54751"}],"version-history":[{"count":2,"href":"https:\/\/zahoramizadolami.sk\/hu\/wp-json\/wp\/v2\/pages\/54751\/revisions"}],"predecessor-version":[{"id":54755,"href":"https:\/\/zahoramizadolami.sk\/hu\/wp-json\/wp\/v2\/pages\/54751\/revisions\/54755"}],"wp:attachment":[{"href":"https:\/\/zahoramizadolami.sk\/hu\/wp-json\/wp\/v2\/media?parent=54751"}],"curies":[{"name":"wp","href":"https:\/\/api.w.org\/{rel}","templated":true}]}}