{"id":55729,"date":"2025-04-25T12:49:24","date_gmt":"2025-04-25T10:49:24","guid":{"rendered":"https:\/\/zahoramizadolami.sk\/a-tortenelem-nyomai\/coburgi-vas-utja\/"},"modified":"2026-08-18T20:49:20","modified_gmt":"2026-08-18T18:49:20","slug":"coburgi-vas-utja","status":"publish","type":"page","link":"https:\/\/zahoramizadolami.sk\/hu\/a-tortenelem-nyomai\/coburgi-vas-utja\/","title":{"rendered":"Coburgi vas \u00fatja"},"content":{"rendered":"<div class=\"wpb-content-wrapper\"><p>[vc_row css_animation=&#8221;&#8221; row_type=&#8221;row&#8221; use_row_as_full_screen_section=&#8221;no&#8221; type=&#8221;full_width&#8221; angled_section=&#8221;no&#8221; text_align=&#8221;left&#8221; background_image_as_pattern=&#8221;without_pattern&#8221; background_image=&#8221;48665&#8243; el_id=&#8221;top-image&#8221; z_index=&#8221;&#8221; css=&#8221;.vc_custom_1750966525645{background-image: url(https:\/\/zahoramizadolami.sk\/wp-content\/uploads\/2025\/06\/titulka_2021_06_10-47-1.jpg?id=48703) !important;}&#8221;][vc_column][\/vc_column][\/vc_row][vc_row css_animation=&#8221;&#8221; row_type=&#8221;row&#8221; use_row_as_full_screen_section=&#8221;no&#8221; type=&#8221;grid&#8221; angled_section=&#8221;no&#8221; text_align=&#8221;left&#8221; background_image_as_pattern=&#8221;without_pattern&#8221; background_color=&#8221;#ffffff&#8221; z_index=&#8221;&#8221;][vc_column width=&#8221;1\/6&#8243; el_class=&#8221;detail-top&#8221;][\/vc_column][vc_column width=&#8221;2\/3&#8243; el_class=&#8221;detail-top&#8221;][vc_empty_space height=&#8221;80&#8243;][vc_column_text]<\/p>\n<h1>Coburgi vas \u00fatja<\/h1>\n<p>[\/vc_column_text][vc_empty_space height=&#8221;35px&#8221;][vc_column_text]<span data-contrast=\"auto\">T\u00e9rjen vissza a m\u00faltba, \u00e9s mer\u00fclj\u00f6n el a romok \u00e9s a titokzatos, omladoz\u00f3 \u00e9p\u00fcletek t\u00f6rt\u00e9net\u00e9ben, amelyek egykor hozz\u00e1j\u00e1rultak a Fels\u0151-Garam mente f\u00e9ny\u00e9hez \u00e9s fellend\u00fcl\u00e9s\u00e9hez. Csaknem egy \u00e9vsz\u00e1zad ut\u00e1n ism\u00e9t \u00e9let k\u00f6lt\u00f6zik a hajdani nemesi sz\u00e9khelyre \u00e9s a vir\u00e1gz\u00f3 pohorelai vaskoh\u00e1szati komplexumba.<\/span><span data-ccp-props=\"{&quot;335559738&quot;:240}\">\u00a0<\/span><\/p>\n<p>&nbsp;<\/p>\n<p><span data-contrast=\"auto\">A vasipari Fels\u0151-Garam mente t\u00f6rt\u00e9nete \u00f6sszefon\u00f3dik a Koh\u00e1ry, majd k\u00e9s\u0151bb a Coburg csal\u00e1ddal, amelyek termel\u0151\u00fczemei a r\u00e9gi\u00f3 ipari \u00e9s \u00e9p\u00edt\u00e9szeti fellend\u00fcl\u00e9s\u00e9t hozt\u00e1k magukkal. A Coburg arisztokrata csal\u00e1d, \u00e9s f\u0151k\u00e9nt Ferdin\u00e1nd bolg\u00e1r c\u00e1r, mark\u00e1ns nyomokat hagytak a Fels\u0151-Garam ment\u00e9n egy vir\u00e1gz\u00f3 vaskoh\u00e1szati komplexum \u00e9s a r\u00e9gi\u00f3 fejl\u0151d\u0151 ter\u00fclete form\u00e1j\u00e1ban.<\/span><span data-ccp-props=\"{&quot;335559738&quot;:240}\">\u00a0<\/span><\/p>\n<p>&nbsp;<\/p>\n<p><span data-contrast=\"auto\">A pohorelai (coburgi) vaskoh\u00e1szati komplexum h\u00e9t h\u00e1mortelepb\u0151l \u00e1llt a Garam foly\u00f3 fels\u0151 foly\u00e1sa ment\u00e9n. A termel\u00e9s itt m\u00e1r a 20. sz\u00e1zad elej\u00e9n megsz\u0171nt. Ma ez a komplexum a kultur\u00e1lis \u00fatvonal keret\u00e9ben \u00f6sszekapcsolt helysz\u00ednek r\u00e9v\u00e9n \u00fajra es\u00e9lyt kap arra, hogy felt\u00e1madjon hamvaib\u00f3l.<\/span><span data-ccp-props=\"{&quot;335559738&quot;:240}\">\u00a0<\/span>[\/vc_column_text][vc_empty_space height=&#8221;40px&#8221;][\/vc_column][vc_column width=&#8221;1\/6&#8243; el_class=&#8221;detail-top&#8221;][\/vc_column][\/vc_row][vc_row css_animation=&#8221;&#8221; row_type=&#8221;row&#8221; use_row_as_full_screen_section=&#8221;no&#8221; type=&#8221;full_width&#8221; angled_section=&#8221;no&#8221; text_align=&#8221;left&#8221; background_image_as_pattern=&#8221;without_pattern&#8221; side_padding=&#8221;10&#8243; z_index=&#8221;&#8221;][vc_column][vc_gallery type=&#8221;image_grid&#8221; images=&#8221;48724,48727,48730,48733,48736&#8243; img_size=&#8221;400&#215;250&#8243; css=&#8221;&#8221; column_number=&#8221;5&#8243; grayscale=&#8221;no&#8221; images_space=&#8221;gallery_with_space&#8221;][\/vc_column][\/vc_row][vc_row css_animation=&#8221;&#8221; row_type=&#8221;row&#8221; use_row_as_full_screen_section=&#8221;no&#8221; type=&#8221;grid&#8221; angled_section=&#8221;no&#8221; text_align=&#8221;left&#8221; background_image_as_pattern=&#8221;without_pattern&#8221; background_color=&#8221;#ffffff&#8221; z_index=&#8221;&#8221;][vc_column width=&#8221;1\/6&#8243;][\/vc_column][vc_column width=&#8221;2\/3&#8243;][vc_empty_space height=&#8221;40px&#8221;][vc_column_text]<span data-contrast=\"auto\">Utazzon vissza az id\u0151ben, \u00e9s j\u00e1rja be a pohorelai vaskoh\u00e1szati komplexum egykor ismert, m\u00e1ra szinte elfeledett \u00e9p\u00edt\u00e9szeti objektumait.<\/span><span data-ccp-props=\"{&quot;335559738&quot;:240}\">\u00a0<\/span><\/p>\n<p>&nbsp;<\/p>\n<p><span data-contrast=\"auto\">Fedezze fel a gy\u00f6ny\u00f6r\u0171 t\u00f6rt\u00e9nelmi Coburg parkot Pohorelsk\u00e1 Ma\u0161a telep\u00fcl\u00e9sen, Ferdinand koh\u00f3j\u00e1nak romj\u00e1t, a va\u013ekov\u0148ai templomot, a zlatn\u00f3i fels\u0151 h\u00e1mort vagy a Predn\u00e1 Hor\u00e1n \u00e1ll\u00f3 vad\u00e1szkast\u00e9lyt. A t\u00f6rt\u00e9nelmi t\u00e9nyeken t\u00fal betekint\u00e9st nyerhet Ferdin\u00e1nd Coburg bolg\u00e1r c\u00e1r \u00e9s a Coburg csal\u00e1d \u00e9let\u00e9be, \u00e9s sz\u00e1mos \u00e9rdekess\u00e9get is megtudhat.<\/span><span data-ccp-props=\"{&quot;335559738&quot;:240}\">\u00a0<\/span><\/p>\n<p>&nbsp;<\/p>\n<p><span data-contrast=\"auto\">Tudta, hogy a Fels\u0151-Garam ment\u00e9n tett tart\u00f3zkod\u00e1sai sor\u00e1n szinte mindig felkereste a Javorina-h\u00e1g\u00f3n \u00e1ll\u00f3 hatalmas b\u00fckkf\u00e1t? Ugyanis ez volt \u00e9desanyja kedvenc helye. K\u00fcl\u00f6n gondj\u00e1t is viselte \u2013 \u00f6sszeszedte a k\u00f6r\u00fcl\u00f6tte let\u00f6rt \u00e1gakat, \u00e9s sz\u00e1raz id\u0151szakban \u00f6k\u00f6rv\u00e9rrel locsoltatta.<\/span><span data-ccp-props=\"{&quot;335559738&quot;:240}\">\u00a0<\/span><\/p>\n<p>&nbsp;<\/p>\n<p><span data-contrast=\"auto\">A kev\u00e9ss\u00e9 ismert Coburgi vas \u00fatja \u00f6sszekapcsolja az ipari \u00f6r\u00f6ks\u00e9g eml\u00e9keit az arisztokrata csal\u00e1dok &#8222;h\u00e9tk\u00f6znapi&#8221; \u00e9let\u00e9vel a Fels\u0151-Garam ment\u00e9n. A nemesi csal\u00e1d \u00e9s a kiterjedt pohorelai vaskoh\u00e1szati komplexum \u00e9let\u00e9nek nyomai ma m\u00e1r csak halv\u00e1nyan rajzol\u00f3dnak ki, elsodorta \u0151ket az \u00e9rz\u00e9ketlen id\u0151.<\/span><span data-ccp-props=\"{&quot;335559738&quot;:240}\">\u00a0<\/span><\/p>\n<p>&nbsp;<\/p>\n<p><span data-contrast=\"auto\">\u00c1m a vad\u00e1sz\u00f6sv\u00e9nyek, az erd\u0151k \u00e1rnyas zugai, Zlatno gy\u00f6ny\u00f6r\u0171 r\u00e9tjei \u00e9s a Kir\u00e1ly-hegyre ny\u00edl\u00f3 kil\u00e1t\u00e1sok ma is ugyanolyan csod\u00e1latosak, fest\u0151iek \u00e9s fens\u00e9gesek, mint a Coburgok Fels\u0151-Garam menti vir\u00e1gz\u00e1s\u00e1nak idej\u00e9n. Hagyja, hogy elcs\u00e1b\u00edts\u00e1k egy egyed\u00fcl\u00e1ll\u00f3 vezetett t\u00fara sor\u00e1n.<\/span>[\/vc_column_text][vc_empty_space height=&#8221;40px&#8221;][vc_single_image image=&#8221;72&#8243; img_size=&#8221;full&#8221; alignment=&#8221;center&#8221; qode_css_animation=&#8221;&#8221; el_class=&#8221;my-divider&#8221;][vc_empty_space height=&#8221;60px&#8221;][\/vc_column][vc_column width=&#8221;1\/6&#8243;][\/vc_column][\/vc_row][vc_row css_animation=&#8221;&#8221; row_type=&#8221;row&#8221; use_row_as_full_screen_section=&#8221;no&#8221; type=&#8221;full_width&#8221; angled_section=&#8221;no&#8221; text_align=&#8221;left&#8221; background_image_as_pattern=&#8221;without_pattern&#8221; z_index=&#8221;&#8221;][vc_column][vc_gallery type=&#8221;image_grid&#8221; images=&#8221;13739,12646,12284,12251,11922,11819,11157,10932,10055,9516&#8243; img_size=&#8221;400&#215;250&#8243; column_number=&#8221;5&#8243; grayscale=&#8221;no&#8221; images_space=&#8221;gallery_without_space&#8221; el_class=&#8221;gallery-divider&#8221;][\/vc_column][\/vc_row][vc_row css_animation=&#8221;&#8221; row_type=&#8221;row&#8221; use_row_as_full_screen_section=&#8221;no&#8221; type=&#8221;full_width&#8221; angled_section=&#8221;no&#8221; text_align=&#8221;left&#8221; background_image_as_pattern=&#8221;without_pattern&#8221;][vc_column][vc_empty_space height=&#8221;100&#8243;][\/vc_column][\/vc_row][vc_row css_animation=&#8221;&#8221; row_type=&#8221;row&#8221; use_row_as_full_screen_section=&#8221;no&#8221; type=&#8221;full_width&#8221; angled_section=&#8221;no&#8221; text_align=&#8221;left&#8221; background_image_as_pattern=&#8221;without_pattern&#8221; z_index=&#8221;&#8221;][vc_column][vc_column_text][vc_row css_animation=\"\" row_type=\"row\" use_row_as_full_screen_section=\"no\" type=\"grid\" angled_section=\"no\" text_align=\"left\" background_image_as_pattern=\"without_pattern\" padding_bottom=\"50\" z_index=\"\"][vc_column][vc_column_text css=\".vc_custom_1660142721372{padding-bottom: 50px !important;}\" el_class=\"title-with-image\"]\r\n<h2>Ez is \u00e9rdekelheti \u00d6nt<\/h2>\r\n[\/vc_column_text][vc_empty_space height=\"40\"][vc_row_inner row_type=\"row\" type=\"full_width\" text_align=\"left\" css_animation=\"\"][vc_column_inner width=\"1\/4\"][qode_elements_holder number_of_columns=\"one_column\"][qode_elements_holder_item vertical_alignment=\"top\" horizontal_alignment=\"center\" advanced_animations=\"no\" custom_class=\"top-zazitky green\"][vc_column_text el_class=\"ponuky-region green\"]<strong>Akt\u00edv ny\u00e1r<\/strong>[\/vc_column_text][vc_single_image image=\"43763\" img_size=\"full\" alignment=\"center\" qode_css_animation=\"\"][vc_column_text el_class=\"ponuky-title\"]Itt az ideje az \u00faj \u00e9lm\u00e9nyeknek[\/vc_column_text][vc_column_text el_class=\"ponuky-text\"]T\u00f6ltse meg \u00e9rz\u00e9keit teljesen. L\u00e1togasson el a hegyekbe, sz\u00e1lljon v\u00edzre a foly\u00f3kon, fedezze fel a felfedezetlent, de legf\u0151k\u00e9ppen \u00e9lvezze az AKT\u00cdV NYARAT![\/vc_column_text][vc_empty_space]<a  itemprop=\"url\" href=\"\/akcne-leto\/\" target=\"_self\" data-hover-color=\"#ffffff\" class=\"qbutton  medium default\" style=\"color: #001689; border-color: #001689; \">Tudj meg t\u00f6bbet &gt;&gt;<\/a>[vc_empty_space][\/qode_elements_holder_item][\/qode_elements_holder][vc_empty_space][\/vc_column_inner][vc_column_inner width=\"1\/4\"][qode_elements_holder number_of_columns=\"one_column\"][qode_elements_holder_item vertical_alignment=\"top\" horizontal_alignment=\"center\" advanced_animations=\"no\" custom_class=\"top-zazitky darkblue\"][vc_column_text el_class=\"ponuky-region darkblue\"]<strong>Tal\u00e1ld meg a KEDVENCEDET<\/strong>[\/vc_column_text][vc_single_image image=\"43766\" img_size=\"full\" alignment=\"center\" qode_css_animation=\"\"][vc_column_text el_class=\"ponuky-title\"]Foglald le az \u00e9lm\u00e9nyt[\/vc_column_text][vc_column_text el_class=\"ponuky-text\"]A Beszterceb\u00e1nyai ker\u00fcletben mindenkire v\u00e1r a KEDVENCE. Megvan m\u00e1r a saj\u00e1tod? Fedezd fel, \u00e9s aj\u00e1nd\u00e9kozd meg magad egy rendhagy\u00f3 \u00e9lm\u00e9nnyel.[\/vc_column_text][vc_empty_space]<a  itemprop=\"url\" href=\"https:\/\/zazitky.zahoramizadolami.sk\/sk\/zazitky\" target=\"_self\" data-hover-color=\"#ffffff\" class=\"qbutton  medium default\" style=\"color: #001689; border-color: #001689; \">Tudj meg t\u00f6bbet &gt;&gt;<\/a>[vc_empty_space][\/qode_elements_holder_item][\/qode_elements_holder][vc_empty_space][\/vc_column_inner][vc_column_inner width=\"1\/4\"][qode_elements_holder number_of_columns=\"one_column\"][qode_elements_holder_item vertical_alignment=\"top\" horizontal_alignment=\"center\" advanced_animations=\"no\" custom_class=\"top-zazitky pink\"][vc_column_text el_class=\"ponuky-region pink\"]<strong>Region\u00e1lis pultok<\/strong>[\/vc_column_text][vc_single_image image=\"44479\" img_size=\"full\" alignment=\"center\" qode_css_animation=\"\"][vc_column_text el_class=\"ponuky-title\"]Egyed\u00fcl\u00e1ll\u00f3 REGION\u00c1LIS term\u00e9kek[\/vc_column_text][vc_column_text el_class=\"ponuky-text\"]Fedezze fel a Beszterceb\u00e1nyai ker\u00fclet r\u00e9gi\u00f3iban k\u00e9sz\u00fclt egyed\u00fcl\u00e1ll\u00f3 term\u00e9keket, amelyek b\u00fcszk\u00e9n viselik a \u201eRegion\u00e1lis term\u00e9k\u201d min\u0151s\u00e9gi v\u00e9djegyet.[\/vc_column_text][vc_empty_space]<a  itemprop=\"url\" href=\"https:\/\/www.regionalnepulty.sk\/\" target=\"_blank\" data-hover-color=\"#ffffff\" class=\"qbutton  medium default\" style=\"color: #001689; border-color: #001689; \">Tudj meg t\u00f6bbet &gt;&gt;<\/a>[vc_empty_space][\/qode_elements_holder_item][\/qode_elements_holder][vc_empty_space][\/vc_column_inner][vc_column_inner width=\"1\/4\"][qode_elements_holder number_of_columns=\"one_column\"][qode_elements_holder_item vertical_alignment=\"top\" horizontal_alignment=\"center\" advanced_animations=\"no\" custom_class=\"top-zazitky blue\"][vc_column_text el_class=\"ponuky-region blue\"]<strong>Web\u00e1ruh\u00e1z<\/strong>[\/vc_column_text][vc_single_image image=\"44482\" img_size=\"full\" alignment=\"center\" qode_css_animation=\"\"][vc_column_text el_class=\"ponuky-title\"]Za horami za dolami\r\nWeb\u00e1ruh\u00e1z[\/vc_column_text][vc_column_text el_class=\"ponuky-text\"]\u00c9lm\u00e9nyek\u00e9rt\r\n\r\na Za horami za dolami r\u00e9gi\u00f3ban szerelkezzen fel st\u00edlusos kieg\u00e9sz\u00edt\u0151kkel,\r\n\r\namelyeket mindenki \u00e9szrevesz.[\/vc_column_text][vc_empty_space]<a  itemprop=\"url\" href=\"https:\/\/zazitky.zahoramizadolami.sk\/sk\/eshop\" target=\"_self\" data-hover-color=\"#ffffff\" class=\"qbutton  medium default\" style=\"color: #001689; border-color: #001689; \">Tudj meg t\u00f6bbet &gt;&gt;<\/a>[vc_empty_space][\/qode_elements_holder_item][\/qode_elements_holder][vc_empty_space][\/vc_column_inner][\/vc_row_inner][vc_empty_space][\/vc_column][\/vc_row][\/vc_column_text][\/vc_column][\/vc_row][vc_row css_animation=&#8221;&#8221; row_type=&#8221;row&#8221; use_row_as_full_screen_section=&#8221;no&#8221; type=&#8221;full_width&#8221; angled_section=&#8221;no&#8221; text_align=&#8221;left&#8221; background_image_as_pattern=&#8221;without_pattern&#8221; z_index=&#8221;&#8221;][vc_column][vc_column_text][\/vc_column_text][\/vc_column][\/vc_row]<\/p>\n<\/div>","protected":false},"excerpt":{"rendered":"<p>[vc_row css_animation=&#8221;&#8221; row_type=&#8221;row&#8221; use_row_as_full_screen_section=&#8221;no&#8221; type=&#8221;full_width&#8221; angled_section=&#8221;no&#8221; text_align=&#8221;left&#8221; background_image_as_pattern=&#8221;without_pattern&#8221; background_image=&#8221;48665&#8243; el_id=&#8221;top-image&#8221; z_index=&#8221;&#8221; css=&#8221;.vc_custom_1750966525645{background-image: url(https:\/\/zahoramizadolami.sk\/wp-content\/uploads\/2025\/06\/titulka_2021_06_10-47-1.jpg?id=48703) !important;}&#8221;][vc_column][\/vc_column][\/vc_row][vc_row css_animation=&#8221;&#8221; row_type=&#8221;row&#8221; use_row_as_full_screen_section=&#8221;no&#8221; type=&#8221;grid&#8221; angled_section=&#8221;no&#8221; text_align=&#8221;left&#8221; background_image_as_pattern=&#8221;without_pattern&#8221; background_color=&#8221;#ffffff&#8221; z_index=&#8221;&#8221;][vc_column width=&#8221;1\/6&#8243; el_class=&#8221;detail-top&#8221;][\/vc_column][vc_column width=&#8221;2\/3&#8243; el_class=&#8221;detail-top&#8221;][vc_empty_space height=&#8221;80&#8243;][vc_column_text] Coburgi vas \u00fatja [\/vc_column_text][vc_empty_space height=&#8221;35px&#8221;][vc_column_text]T\u00e9rjen vissza a m\u00faltba, \u00e9s mer\u00fclj\u00f6n el a romok \u00e9s a titokzatos, omladoz\u00f3&#8230;<\/p>\n","protected":false},"author":21,"featured_media":0,"parent":55669,"menu_order":0,"comment_status":"closed","ping_status":"closed","template":"full_width.php","meta":{"inline_featured_image":false,"footnotes":""},"class_list":["post-55729","page","type-page","status-publish","hentry"],"yoast_head":"<!-- This site is optimized with the Yoast SEO plugin v25.0 - https:\/\/yoast.com\/wordpress\/plugins\/seo\/ -->\n<title>Coburgi vas \u00fatja - Za horami, za dolami v Banskobystrickom kraji<\/title>\n<meta name=\"robots\" content=\"index, follow, max-snippet:-1, max-image-preview:large, max-video-preview:-1\" \/>\n<link rel=\"canonical\" href=\"https:\/\/zahoramizadolami.sk\/hu\/a-tortenelem-nyomai\/coburgi-vas-utja\/\" \/>\n<meta property=\"og:locale\" content=\"hu_HU\" \/>\n<meta property=\"og:type\" content=\"article\" \/>\n<meta property=\"og:title\" content=\"Coburgi vas \u00fatja - Za horami, za dolami v Banskobystrickom kraji\" \/>\n<meta property=\"og:description\" content=\"[vc_row css_animation=&#8221;&#8221; row_type=&#8221;row&#8221; use_row_as_full_screen_section=&#8221;no&#8221; type=&#8221;full_width&#8221; angled_section=&#8221;no&#8221; text_align=&#8221;left&#8221; background_image_as_pattern=&#8221;without_pattern&#8221; background_image=&#8221;48665&#8243; el_id=&#8221;top-image&#8221; z_index=&#8221;&#8221; css=&#8221;.vc_custom_1750966525645{background-image: url(https:\/\/zahoramizadolami.sk\/wp-content\/uploads\/2025\/06\/titulka_2021_06_10-47-1.jpg?id=48703) !important;}&#8221;][vc_column][\/vc_column][\/vc_row][vc_row css_animation=&#8221;&#8221; row_type=&#8221;row&#8221; use_row_as_full_screen_section=&#8221;no&#8221; type=&#8221;grid&#8221; angled_section=&#8221;no&#8221; text_align=&#8221;left&#8221; background_image_as_pattern=&#8221;without_pattern&#8221; background_color=&#8221;#ffffff&#8221; z_index=&#8221;&#8221;][vc_column width=&#8221;1\/6&#8243; el_class=&#8221;detail-top&#8221;][\/vc_column][vc_column width=&#8221;2\/3&#8243; el_class=&#8221;detail-top&#8221;][vc_empty_space height=&#8221;80&#8243;][vc_column_text] Coburgi vas \u00fatja [\/vc_column_text][vc_empty_space height=&#8221;35px&#8221;][vc_column_text]T\u00e9rjen vissza a m\u00faltba, \u00e9s mer\u00fclj\u00f6n el a romok \u00e9s a titokzatos, omladoz\u00f3...\" \/>\n<meta property=\"og:url\" content=\"https:\/\/zahoramizadolami.sk\/hu\/a-tortenelem-nyomai\/coburgi-vas-utja\/\" \/>\n<meta property=\"og:site_name\" content=\"Za horami, za dolami v Banskobystrickom kraji\" \/>\n<meta property=\"article:publisher\" content=\"https:\/\/www.facebook.com\/zahoramizadolami.sk\/\" \/>\n<meta property=\"article:modified_time\" content=\"2026-08-18T18:49:20+00:00\" \/>\n<meta name=\"twitter:card\" content=\"summary_large_image\" \/>\n<meta name=\"twitter:label1\" content=\"Becs\u00fclt olvas\u00e1si id\u0151\" \/>\n\t<meta name=\"twitter:data1\" content=\"5 perc\" \/>\n<script type=\"application\/ld+json\" class=\"yoast-schema-graph\">{\"@context\":\"https:\/\/schema.org\",\"@graph\":[{\"@type\":\"WebPage\",\"@id\":\"https:\/\/zahoramizadolami.sk\/hu\/a-tortenelem-nyomai\/coburgi-vas-utja\/\",\"url\":\"https:\/\/zahoramizadolami.sk\/hu\/a-tortenelem-nyomai\/coburgi-vas-utja\/\",\"name\":\"Coburgi vas \u00fatja - Za horami, za dolami v Banskobystrickom kraji\",\"isPartOf\":{\"@id\":\"https:\/\/zahoramizadolami.sk\/hu\/#website\"},\"datePublished\":\"2025-04-25T10:49:24+00:00\",\"dateModified\":\"2026-08-18T18:49:20+00:00\",\"breadcrumb\":{\"@id\":\"https:\/\/zahoramizadolami.sk\/hu\/a-tortenelem-nyomai\/coburgi-vas-utja\/#breadcrumb\"},\"inLanguage\":\"hu\",\"potentialAction\":[{\"@type\":\"ReadAction\",\"target\":[\"https:\/\/zahoramizadolami.sk\/hu\/a-tortenelem-nyomai\/coburgi-vas-utja\/\"]}]},{\"@type\":\"BreadcrumbList\",\"@id\":\"https:\/\/zahoramizadolami.sk\/hu\/a-tortenelem-nyomai\/coburgi-vas-utja\/#breadcrumb\",\"itemListElement\":[{\"@type\":\"ListItem\",\"position\":1,\"name\":\"Home\",\"item\":\"https:\/\/zahoramizadolami.sk\/hu\/\"},{\"@type\":\"ListItem\",\"position\":2,\"name\":\"A t\u00f6rt\u00e9nelem nyomai\",\"item\":\"https:\/\/zahoramizadolami.sk\/hu\/stopy-dejin\/\"},{\"@type\":\"ListItem\",\"position\":3,\"name\":\"Coburgi vas \u00fatja\"}]},{\"@type\":\"WebSite\",\"@id\":\"https:\/\/zahoramizadolami.sk\/hu\/#website\",\"url\":\"https:\/\/zahoramizadolami.sk\/hu\/\",\"name\":\"Za horami, za dolami v Banskobystrickom kraji\",\"description\":\"Za horami, za dolami, bol raz jeden Banskobystrick\u00fd kraj.\",\"potentialAction\":[{\"@type\":\"SearchAction\",\"target\":{\"@type\":\"EntryPoint\",\"urlTemplate\":\"https:\/\/zahoramizadolami.sk\/hu\/?s={search_term_string}\"},\"query-input\":{\"@type\":\"PropertyValueSpecification\",\"valueRequired\":true,\"valueName\":\"search_term_string\"}}],\"inLanguage\":\"hu\"}]}<\/script>\n<!-- \/ Yoast SEO plugin. -->","yoast_head_json":{"title":"Coburgi vas \u00fatja - Za horami, za dolami v Banskobystrickom kraji","robots":{"index":"index","follow":"follow","max-snippet":"max-snippet:-1","max-image-preview":"max-image-preview:large","max-video-preview":"max-video-preview:-1"},"canonical":"https:\/\/zahoramizadolami.sk\/hu\/a-tortenelem-nyomai\/coburgi-vas-utja\/","og_locale":"hu_HU","og_type":"article","og_title":"Coburgi vas \u00fatja - Za horami, za dolami v Banskobystrickom kraji","og_description":"[vc_row css_animation=&#8221;&#8221; row_type=&#8221;row&#8221; use_row_as_full_screen_section=&#8221;no&#8221; type=&#8221;full_width&#8221; angled_section=&#8221;no&#8221; text_align=&#8221;left&#8221; background_image_as_pattern=&#8221;without_pattern&#8221; background_image=&#8221;48665&#8243; el_id=&#8221;top-image&#8221; z_index=&#8221;&#8221; css=&#8221;.vc_custom_1750966525645{background-image: url(https:\/\/zahoramizadolami.sk\/wp-content\/uploads\/2025\/06\/titulka_2021_06_10-47-1.jpg?id=48703) !important;}&#8221;][vc_column][\/vc_column][\/vc_row][vc_row css_animation=&#8221;&#8221; row_type=&#8221;row&#8221; use_row_as_full_screen_section=&#8221;no&#8221; type=&#8221;grid&#8221; angled_section=&#8221;no&#8221; text_align=&#8221;left&#8221; background_image_as_pattern=&#8221;without_pattern&#8221; background_color=&#8221;#ffffff&#8221; z_index=&#8221;&#8221;][vc_column width=&#8221;1\/6&#8243; el_class=&#8221;detail-top&#8221;][\/vc_column][vc_column width=&#8221;2\/3&#8243; el_class=&#8221;detail-top&#8221;][vc_empty_space height=&#8221;80&#8243;][vc_column_text] Coburgi vas \u00fatja [\/vc_column_text][vc_empty_space height=&#8221;35px&#8221;][vc_column_text]T\u00e9rjen vissza a m\u00faltba, \u00e9s mer\u00fclj\u00f6n el a romok \u00e9s a titokzatos, omladoz\u00f3...","og_url":"https:\/\/zahoramizadolami.sk\/hu\/a-tortenelem-nyomai\/coburgi-vas-utja\/","og_site_name":"Za horami, za dolami v Banskobystrickom kraji","article_publisher":"https:\/\/www.facebook.com\/zahoramizadolami.sk\/","article_modified_time":"2026-08-18T18:49:20+00:00","twitter_card":"summary_large_image","twitter_misc":{"Becs\u00fclt olvas\u00e1si id\u0151":"5 perc"},"schema":{"@context":"https:\/\/schema.org","@graph":[{"@type":"WebPage","@id":"https:\/\/zahoramizadolami.sk\/hu\/a-tortenelem-nyomai\/coburgi-vas-utja\/","url":"https:\/\/zahoramizadolami.sk\/hu\/a-tortenelem-nyomai\/coburgi-vas-utja\/","name":"Coburgi vas \u00fatja - Za horami, za dolami v Banskobystrickom kraji","isPartOf":{"@id":"https:\/\/zahoramizadolami.sk\/hu\/#website"},"datePublished":"2025-04-25T10:49:24+00:00","dateModified":"2026-08-18T18:49:20+00:00","breadcrumb":{"@id":"https:\/\/zahoramizadolami.sk\/hu\/a-tortenelem-nyomai\/coburgi-vas-utja\/#breadcrumb"},"inLanguage":"hu","potentialAction":[{"@type":"ReadAction","target":["https:\/\/zahoramizadolami.sk\/hu\/a-tortenelem-nyomai\/coburgi-vas-utja\/"]}]},{"@type":"BreadcrumbList","@id":"https:\/\/zahoramizadolami.sk\/hu\/a-tortenelem-nyomai\/coburgi-vas-utja\/#breadcrumb","itemListElement":[{"@type":"ListItem","position":1,"name":"Home","item":"https:\/\/zahoramizadolami.sk\/hu\/"},{"@type":"ListItem","position":2,"name":"A t\u00f6rt\u00e9nelem nyomai","item":"https:\/\/zahoramizadolami.sk\/hu\/stopy-dejin\/"},{"@type":"ListItem","position":3,"name":"Coburgi vas \u00fatja"}]},{"@type":"WebSite","@id":"https:\/\/zahoramizadolami.sk\/hu\/#website","url":"https:\/\/zahoramizadolami.sk\/hu\/","name":"Za horami, za dolami v Banskobystrickom kraji","description":"Za horami, za dolami, bol raz jeden Banskobystrick\u00fd kraj.","potentialAction":[{"@type":"SearchAction","target":{"@type":"EntryPoint","urlTemplate":"https:\/\/zahoramizadolami.sk\/hu\/?s={search_term_string}"},"query-input":{"@type":"PropertyValueSpecification","valueRequired":true,"valueName":"search_term_string"}}],"inLanguage":"hu"}]}},"_links":{"self":[{"href":"https:\/\/zahoramizadolami.sk\/hu\/wp-json\/wp\/v2\/pages\/55729","targetHints":{"allow":["GET"]}}],"collection":[{"href":"https:\/\/zahoramizadolami.sk\/hu\/wp-json\/wp\/v2\/pages"}],"about":[{"href":"https:\/\/zahoramizadolami.sk\/hu\/wp-json\/wp\/v2\/types\/page"}],"author":[{"embeddable":true,"href":"https:\/\/zahoramizadolami.sk\/hu\/wp-json\/wp\/v2\/users\/21"}],"replies":[{"embeddable":true,"href":"https:\/\/zahoramizadolami.sk\/hu\/wp-json\/wp\/v2\/comments?post=55729"}],"version-history":[{"count":10,"href":"https:\/\/zahoramizadolami.sk\/hu\/wp-json\/wp\/v2\/pages\/55729\/revisions"}],"predecessor-version":[{"id":55751,"href":"https:\/\/zahoramizadolami.sk\/hu\/wp-json\/wp\/v2\/pages\/55729\/revisions\/55751"}],"up":[{"embeddable":true,"href":"https:\/\/zahoramizadolami.sk\/hu\/wp-json\/wp\/v2\/pages\/55669"}],"wp:attachment":[{"href":"https:\/\/zahoramizadolami.sk\/hu\/wp-json\/wp\/v2\/media?parent=55729"}],"curies":[{"name":"wp","href":"https:\/\/api.w.org\/{rel}","templated":true}]}}