{"id":55743,"date":"2025-04-25T12:29:49","date_gmt":"2025-04-25T10:29:49","guid":{"rendered":"https:\/\/zahoramizadolami.sk\/a-tortenelem-nyomai\/gotikus-ut\/"},"modified":"2026-08-18T20:49:20","modified_gmt":"2026-08-18T18:49:20","slug":"gotikus-ut","status":"publish","type":"page","link":"https:\/\/zahoramizadolami.sk\/hu\/a-tortenelem-nyomai\/gotikus-ut\/","title":{"rendered":"G\u00f3tikus \u00fat"},"content":{"rendered":"<div class=\"wpb-content-wrapper\"><p>[vc_row css_animation=&#8221;&#8221; row_type=&#8221;row&#8221; use_row_as_full_screen_section=&#8221;no&#8221; type=&#8221;full_width&#8221; angled_section=&#8221;no&#8221; text_align=&#8221;left&#8221; background_image_as_pattern=&#8221;without_pattern&#8221; background_image=&#8221;48665&#8243; el_id=&#8221;top-image&#8221; z_index=&#8221;&#8221; css=&#8221;.vc_custom_1750966389788{background-image: url(https:\/\/zahoramizadolami.sk\/wp-content\/uploads\/2025\/06\/TITULKA_rakos-1.jpg?id=48697) !important;}&#8221;][vc_column][\/vc_column][\/vc_row][vc_row css_animation=&#8221;&#8221; row_type=&#8221;row&#8221; use_row_as_full_screen_section=&#8221;no&#8221; type=&#8221;grid&#8221; angled_section=&#8221;no&#8221; text_align=&#8221;left&#8221; background_image_as_pattern=&#8221;without_pattern&#8221; background_color=&#8221;#ffffff&#8221; z_index=&#8221;&#8221;][vc_column width=&#8221;1\/6&#8243; el_class=&#8221;detail-top&#8221;][\/vc_column][vc_column width=&#8221;2\/3&#8243; el_class=&#8221;detail-top&#8221;][vc_empty_space height=&#8221;80&#8243;][vc_column_text]<\/p>\n<h1>G\u00f3tikus \u00fat<\/h1>\n<p>[\/vc_column_text][vc_empty_space height=&#8221;35px&#8221;][vc_column_text]<span data-contrast=\"auto\">Amikor \u201eMagyarorsz\u00e1g vas sz\u00edve\u201d megsz\u0171nt dobogni, csend borult G\u00f6m\u00f6rre \u00e9s Kishontra. Elhallgattak a hangos b\u00e1nyag\u00e9pek \u00e9s a nemesi lakom\u00e1k, nem hallani sem a fegyverek zaj\u00e1t, sem a lovak nyer\u00edt\u00e9s\u00e9t. Szerencs\u00e9re a legnagyobb vir\u00e1gz\u00e1s kor\u00e1b\u00f3l p\u00e1ratlan gazdags\u00e1g maradt r\u00e1nk. Csod\u00e1latos templomok \u00e9s egyedi falfestm\u00e9nyeik, mint egy felfedezetlen b\u00fcszkes\u00e9g, messze t\u00fal\u00e9rnek a r\u00e9gi\u00f3 hat\u00e1rain.<\/span><span data-ccp-props=\"{&quot;335559738&quot;:240}\">\u00a0<\/span><\/p>\n<p>&nbsp;<\/p>\n<p><span data-contrast=\"auto\">A 4 k\u00f6rb\u0151l \u00e1ll\u00f3 G\u00f3tikus \u00fat (Csetneki k\u00f6r, Jolsvai k\u00f6r, Rimai k\u00f6r, Rozsny\u00f3i k\u00f6r) \u00f6sszek\u00f6ti az egyed\u00fcl\u00e1ll\u00f3 templomokat \u00e9s a falaik m\u00f6g\u00f6tt rejt\u0151z\u0151 \u00f6r\u00f6ks\u00e9get.<\/span><span data-ccp-props=\"{&quot;335559738&quot;:240}\">\u00a0<\/span><\/p>\n<p>&nbsp;<\/p>\n<p><span data-contrast=\"auto\">A vil\u00e1g m\u00e1r ismeri hallatlan \u00e9rt\u00e9k\u00fcket, hiszen a G\u00f3tikus \u00fat 12 temploma 2022-ben elnyerte az Eur\u00f3pai \u00d6r\u00f6ks\u00e9g c\u00edmet. Ha ez a h\u00edr \u00d6nh\u00f6z is eljutott, itt az ideje felkeresni a t\u00f6rt\u00e9nelem eredeti eml\u00e9keit.<\/span><span data-ccp-props=\"{&quot;335559738&quot;:240}\">\u00a0<\/span>[\/vc_column_text][vc_empty_space height=&#8221;40px&#8221;][\/vc_column][vc_column width=&#8221;1\/6&#8243; el_class=&#8221;detail-top&#8221;][\/vc_column][\/vc_row][vc_row css_animation=&#8221;&#8221; row_type=&#8221;row&#8221; use_row_as_full_screen_section=&#8221;no&#8221; type=&#8221;full_width&#8221; angled_section=&#8221;no&#8221; text_align=&#8221;left&#8221; background_image_as_pattern=&#8221;without_pattern&#8221; side_padding=&#8221;10&#8243; z_index=&#8221;&#8221;][vc_column][vc_gallery type=&#8221;image_grid&#8221; images=&#8221;48707,48710,48713,48716,48719&#8243; img_size=&#8221;400&#215;250&#8243; css=&#8221;&#8221; column_number=&#8221;5&#8243; grayscale=&#8221;no&#8221; images_space=&#8221;gallery_with_space&#8221;][\/vc_column][\/vc_row][vc_row css_animation=&#8221;&#8221; row_type=&#8221;row&#8221; use_row_as_full_screen_section=&#8221;no&#8221; type=&#8221;grid&#8221; angled_section=&#8221;no&#8221; text_align=&#8221;left&#8221; background_image_as_pattern=&#8221;without_pattern&#8221; background_color=&#8221;#ffffff&#8221; z_index=&#8221;&#8221;][vc_column width=&#8221;1\/6&#8243;][\/vc_column][vc_column width=&#8221;2\/3&#8243;][vc_empty_space height=&#8221;40px&#8221;][vc_column_text]<\/p>\n<h2><b><span data-contrast=\"auto\">A G\u00f3tikus \u00fat 12 temploma EUR\u00d3PAI \u00d6R\u00d6KS\u00c9GI C\u00cdMMEL<\/span><\/b><span data-ccp-props=\"{&quot;335559738&quot;:240}\">\u00a0<\/span><\/h2>\n<p>&nbsp;<\/p>\n<p><span data-contrast=\"auto\">Rep\u00fclj\u00f6n vissza a cs\u00facs\u00edvek \u00e9s a falfresk\u00f3k kor\u00e1ba. Ismerje meg azt a leny\u0171g\u00f6z\u0151 gazdags\u00e1got, amelyet gondosan rejtettek el a g\u00f3tikus templomok m\u00e9ly\u00e9n, s amely most ism\u00e9t napvil\u00e1gra ker\u00fcl, k\u00f6zelebb az emberekhez.<\/span><span data-ccp-props=\"{&quot;335559738&quot;:240}\">\u00a0<\/span><\/p>\n<p>&nbsp;<\/p>\n<p><span data-contrast=\"auto\">Az Eur\u00f3pai Bizotts\u00e1g 2022-ben a G\u00f6m\u00f6r \u00e9s Kishont r\u00e9gi\u00f3 12 templom\u00e1ban tal\u00e1lhat\u00f3 k\u00f6z\u00e9pkori falfestm\u00e9ny-egy\u00fctteseket az eg\u00e9sz Eur\u00f3pa sz\u00e1m\u00e1ra jelent\u0151s egyed\u00fcl\u00e1ll\u00f3 m\u0171eml\u00e9kek list\u00e1j\u00e1ra vette.<\/span><span data-ccp-props=\"{&quot;335559738&quot;:240}\">\u00a0<\/span><\/p>\n<p>&nbsp;<\/p>\n<p><span data-contrast=\"auto\">Az Eur\u00f3pai \u00d6r\u00f6ks\u00e9g c\u00edm (EuropeanHeritageLabel) szigor\u00fa \u00e9rt\u00e9kel\u00e9s alapj\u00e1n olyan helysz\u00edneknek vagy objektumoknak adom\u00e1nyozhat\u00f3, amelyek az eur\u00f3pai t\u00f6rt\u00e9nelmet k\u00e9pviselik, t\u00fckr\u00f6zik a k\u00f6z\u00f6s eur\u00f3pai \u00e9rt\u00e9keket \u00e9s azok hat\u00e1s\u00e1t a kult\u00fara \u00e9s a t\u00e1rsadalom fejl\u0151d\u00e9s\u00e9re.<\/span><span data-ccp-props=\"{&quot;335559738&quot;:240}\">\u00a0<\/span><\/p>\n<p>&nbsp;<\/p>\n<p><span data-contrast=\"auto\">A g\u00f6m\u00f6ri \u00e9s kishonti k\u00f6z\u00e9pkori falfestm\u00e9nyek \u00edgy Ath\u00e9n \u00f3kori sz\u00edv\u00e9hez, az ausztriai Carnuntum r\u00e9g\u00e9szeti parkhoz, a budapesti zsinag\u00f3g\u00e1khoz vagy a szlov\u00e9niai Javorca templomhoz csatlakoztak.<\/span><span data-ccp-props=\"{&quot;335559738&quot;:240}\">\u00a0<\/span><\/p>\n<p>&nbsp;<\/p>\n<p><span data-contrast=\"auto\">A templomokban \u0151rz\u00f6tt egyed\u00fcl\u00e1ll\u00f3 kincseket gondosan v\u00e9dik, ez\u00e9rt a templomok csak tervezett \u00e9s el\u0151re egyeztetett programok idej\u00e9n l\u00e1togathat\u00f3k a nyilv\u00e1noss\u00e1g sz\u00e1m\u00e1ra. N\u00e9h\u00e1nyuk a ny\u00e1ri szezonban meghat\u00e1rozott nyitvatart\u00e1ssal rendelkezik.<\/span><span data-ccp-props=\"{&quot;335559738&quot;:240}\">\u00a0<\/span><\/p>\n<p>&nbsp;<\/p>\n<p><span data-contrast=\"auto\">Fedezze fel a g\u00f3tikus kis templomok egyed\u00fcl\u00e1ll\u00f3 falfestm\u00e9nyeit a <a href=\"https:\/\/www.gotickefresky.sk\/\">www.gotickefresky.sk<\/a> oldalon.<\/span>[\/vc_column_text][vc_empty_space height=&#8221;40px&#8221;][vc_single_image image=&#8221;72&#8243; img_size=&#8221;full&#8221; alignment=&#8221;center&#8221; qode_css_animation=&#8221;&#8221; el_class=&#8221;my-divider&#8221;][vc_empty_space height=&#8221;60px&#8221;][\/vc_column][vc_column width=&#8221;1\/6&#8243;][\/vc_column][\/vc_row][vc_row css_animation=&#8221;&#8221; row_type=&#8221;row&#8221; use_row_as_full_screen_section=&#8221;no&#8221; type=&#8221;full_width&#8221; angled_section=&#8221;no&#8221; text_align=&#8221;left&#8221; background_image_as_pattern=&#8221;without_pattern&#8221; z_index=&#8221;&#8221;][vc_column][vc_gallery type=&#8221;image_grid&#8221; images=&#8221;13739,12646,12284,12251,11922,11819,11157,10932,10055,9516&#8243; img_size=&#8221;400&#215;250&#8243; column_number=&#8221;5&#8243; grayscale=&#8221;no&#8221; images_space=&#8221;gallery_without_space&#8221; el_class=&#8221;gallery-divider&#8221;][\/vc_column][\/vc_row][vc_row css_animation=&#8221;&#8221; row_type=&#8221;row&#8221; use_row_as_full_screen_section=&#8221;no&#8221; type=&#8221;full_width&#8221; angled_section=&#8221;no&#8221; text_align=&#8221;left&#8221; background_image_as_pattern=&#8221;without_pattern&#8221;][vc_column][vc_empty_space height=&#8221;100&#8243;][\/vc_column][\/vc_row][vc_row css_animation=&#8221;&#8221; row_type=&#8221;row&#8221; use_row_as_full_screen_section=&#8221;no&#8221; type=&#8221;full_width&#8221; angled_section=&#8221;no&#8221; text_align=&#8221;left&#8221; background_image_as_pattern=&#8221;without_pattern&#8221; z_index=&#8221;&#8221;][vc_column][vc_column_text][vc_row css_animation=\"\" row_type=\"row\" use_row_as_full_screen_section=\"no\" type=\"grid\" angled_section=\"no\" text_align=\"left\" background_image_as_pattern=\"without_pattern\" padding_bottom=\"50\" z_index=\"\"][vc_column][vc_column_text css=\".vc_custom_1660142721372{padding-bottom: 50px !important;}\" el_class=\"title-with-image\"]\r\n<h2>Ez is \u00e9rdekelheti \u00d6nt<\/h2>\r\n[\/vc_column_text][vc_empty_space height=\"40\"][vc_row_inner row_type=\"row\" type=\"full_width\" text_align=\"left\" css_animation=\"\"][vc_column_inner width=\"1\/4\"][qode_elements_holder number_of_columns=\"one_column\"][qode_elements_holder_item vertical_alignment=\"top\" horizontal_alignment=\"center\" advanced_animations=\"no\" custom_class=\"top-zazitky green\"][vc_column_text el_class=\"ponuky-region green\"]<strong>Akt\u00edv ny\u00e1r<\/strong>[\/vc_column_text][vc_single_image image=\"43763\" img_size=\"full\" alignment=\"center\" qode_css_animation=\"\"][vc_column_text el_class=\"ponuky-title\"]Itt az ideje az \u00faj \u00e9lm\u00e9nyeknek[\/vc_column_text][vc_column_text el_class=\"ponuky-text\"]T\u00f6ltse meg \u00e9rz\u00e9keit teljesen. L\u00e1togasson el a hegyekbe, sz\u00e1lljon v\u00edzre a foly\u00f3kon, fedezze fel a felfedezetlent, de legf\u0151k\u00e9ppen \u00e9lvezze az AKT\u00cdV NYARAT![\/vc_column_text][vc_empty_space]<a  itemprop=\"url\" href=\"\/akcne-leto\/\" target=\"_self\" data-hover-color=\"#ffffff\" class=\"qbutton  medium default\" style=\"color: #001689; border-color: #001689; \">Tudj meg t\u00f6bbet &gt;&gt;<\/a>[vc_empty_space][\/qode_elements_holder_item][\/qode_elements_holder][vc_empty_space][\/vc_column_inner][vc_column_inner width=\"1\/4\"][qode_elements_holder number_of_columns=\"one_column\"][qode_elements_holder_item vertical_alignment=\"top\" horizontal_alignment=\"center\" advanced_animations=\"no\" custom_class=\"top-zazitky darkblue\"][vc_column_text el_class=\"ponuky-region darkblue\"]<strong>Tal\u00e1ld meg a KEDVENCEDET<\/strong>[\/vc_column_text][vc_single_image image=\"43766\" img_size=\"full\" alignment=\"center\" qode_css_animation=\"\"][vc_column_text el_class=\"ponuky-title\"]Foglald le az \u00e9lm\u00e9nyt[\/vc_column_text][vc_column_text el_class=\"ponuky-text\"]A Beszterceb\u00e1nyai ker\u00fcletben mindenkire v\u00e1r a KEDVENCE. Megvan m\u00e1r a saj\u00e1tod? Fedezd fel, \u00e9s aj\u00e1nd\u00e9kozd meg magad egy rendhagy\u00f3 \u00e9lm\u00e9nnyel.[\/vc_column_text][vc_empty_space]<a  itemprop=\"url\" href=\"https:\/\/zazitky.zahoramizadolami.sk\/sk\/zazitky\" target=\"_self\" data-hover-color=\"#ffffff\" class=\"qbutton  medium default\" style=\"color: #001689; border-color: #001689; \">Tudj meg t\u00f6bbet &gt;&gt;<\/a>[vc_empty_space][\/qode_elements_holder_item][\/qode_elements_holder][vc_empty_space][\/vc_column_inner][vc_column_inner width=\"1\/4\"][qode_elements_holder number_of_columns=\"one_column\"][qode_elements_holder_item vertical_alignment=\"top\" horizontal_alignment=\"center\" advanced_animations=\"no\" custom_class=\"top-zazitky pink\"][vc_column_text el_class=\"ponuky-region pink\"]<strong>Region\u00e1lis pultok<\/strong>[\/vc_column_text][vc_single_image image=\"44479\" img_size=\"full\" alignment=\"center\" qode_css_animation=\"\"][vc_column_text el_class=\"ponuky-title\"]Egyed\u00fcl\u00e1ll\u00f3 REGION\u00c1LIS term\u00e9kek[\/vc_column_text][vc_column_text el_class=\"ponuky-text\"]Fedezze fel a Beszterceb\u00e1nyai ker\u00fclet r\u00e9gi\u00f3iban k\u00e9sz\u00fclt egyed\u00fcl\u00e1ll\u00f3 term\u00e9keket, amelyek b\u00fcszk\u00e9n viselik a \u201eRegion\u00e1lis term\u00e9k\u201d min\u0151s\u00e9gi v\u00e9djegyet.[\/vc_column_text][vc_empty_space]<a  itemprop=\"url\" href=\"https:\/\/www.regionalnepulty.sk\/\" target=\"_blank\" data-hover-color=\"#ffffff\" class=\"qbutton  medium default\" style=\"color: #001689; border-color: #001689; \">Tudj meg t\u00f6bbet &gt;&gt;<\/a>[vc_empty_space][\/qode_elements_holder_item][\/qode_elements_holder][vc_empty_space][\/vc_column_inner][vc_column_inner width=\"1\/4\"][qode_elements_holder number_of_columns=\"one_column\"][qode_elements_holder_item vertical_alignment=\"top\" horizontal_alignment=\"center\" advanced_animations=\"no\" custom_class=\"top-zazitky blue\"][vc_column_text el_class=\"ponuky-region blue\"]<strong>Web\u00e1ruh\u00e1z<\/strong>[\/vc_column_text][vc_single_image image=\"44482\" img_size=\"full\" alignment=\"center\" qode_css_animation=\"\"][vc_column_text el_class=\"ponuky-title\"]Za horami za dolami\r\nWeb\u00e1ruh\u00e1z[\/vc_column_text][vc_column_text el_class=\"ponuky-text\"]\u00c9lm\u00e9nyek\u00e9rt\r\n\r\na Za horami za dolami r\u00e9gi\u00f3ban szerelkezzen fel st\u00edlusos kieg\u00e9sz\u00edt\u0151kkel,\r\n\r\namelyeket mindenki \u00e9szrevesz.[\/vc_column_text][vc_empty_space]<a  itemprop=\"url\" href=\"https:\/\/zazitky.zahoramizadolami.sk\/sk\/eshop\" target=\"_self\" data-hover-color=\"#ffffff\" class=\"qbutton  medium default\" style=\"color: #001689; border-color: #001689; \">Tudj meg t\u00f6bbet &gt;&gt;<\/a>[vc_empty_space][\/qode_elements_holder_item][\/qode_elements_holder][vc_empty_space][\/vc_column_inner][\/vc_row_inner][vc_empty_space][\/vc_column][\/vc_row][\/vc_column_text][\/vc_column][\/vc_row][vc_row css_animation=&#8221;&#8221; row_type=&#8221;row&#8221; use_row_as_full_screen_section=&#8221;no&#8221; type=&#8221;full_width&#8221; angled_section=&#8221;no&#8221; text_align=&#8221;left&#8221; background_image_as_pattern=&#8221;without_pattern&#8221; z_index=&#8221;&#8221;][vc_column][vc_column_text][\/vc_column_text][\/vc_column][\/vc_row]<\/p>\n<\/div>","protected":false},"excerpt":{"rendered":"<p>[vc_row css_animation=&#8221;&#8221; row_type=&#8221;row&#8221; use_row_as_full_screen_section=&#8221;no&#8221; type=&#8221;full_width&#8221; angled_section=&#8221;no&#8221; text_align=&#8221;left&#8221; background_image_as_pattern=&#8221;without_pattern&#8221; background_image=&#8221;48665&#8243; el_id=&#8221;top-image&#8221; z_index=&#8221;&#8221; css=&#8221;.vc_custom_1750966389788{background-image: url(https:\/\/zahoramizadolami.sk\/wp-content\/uploads\/2025\/06\/TITULKA_rakos-1.jpg?id=48697) !important;}&#8221;][vc_column][\/vc_column][\/vc_row][vc_row css_animation=&#8221;&#8221; row_type=&#8221;row&#8221; use_row_as_full_screen_section=&#8221;no&#8221; type=&#8221;grid&#8221; angled_section=&#8221;no&#8221; text_align=&#8221;left&#8221; background_image_as_pattern=&#8221;without_pattern&#8221; background_color=&#8221;#ffffff&#8221; z_index=&#8221;&#8221;][vc_column width=&#8221;1\/6&#8243; el_class=&#8221;detail-top&#8221;][\/vc_column][vc_column width=&#8221;2\/3&#8243; el_class=&#8221;detail-top&#8221;][vc_empty_space height=&#8221;80&#8243;][vc_column_text] G\u00f3tikus \u00fat [\/vc_column_text][vc_empty_space height=&#8221;35px&#8221;][vc_column_text]Amikor \u201eMagyarorsz\u00e1g vas sz\u00edve\u201d megsz\u0171nt dobogni, csend borult G\u00f6m\u00f6rre \u00e9s Kishontra. Elhallgattak a hangos&#8230;<\/p>\n","protected":false},"author":21,"featured_media":0,"parent":55669,"menu_order":0,"comment_status":"closed","ping_status":"closed","template":"full_width.php","meta":{"inline_featured_image":false,"footnotes":""},"class_list":["post-55743","page","type-page","status-publish","hentry"],"yoast_head":"<!-- This site is optimized with the Yoast SEO plugin v25.0 - https:\/\/yoast.com\/wordpress\/plugins\/seo\/ -->\n<title>G\u00f3tikus \u00fat - Za horami, za dolami v Banskobystrickom kraji<\/title>\n<meta name=\"robots\" content=\"index, follow, max-snippet:-1, max-image-preview:large, max-video-preview:-1\" \/>\n<link rel=\"canonical\" href=\"https:\/\/zahoramizadolami.sk\/hu\/a-tortenelem-nyomai\/gotikus-ut\/\" \/>\n<meta property=\"og:locale\" content=\"hu_HU\" \/>\n<meta property=\"og:type\" content=\"article\" \/>\n<meta property=\"og:title\" content=\"G\u00f3tikus \u00fat - Za horami, za dolami v Banskobystrickom kraji\" \/>\n<meta property=\"og:description\" content=\"[vc_row css_animation=&#8221;&#8221; row_type=&#8221;row&#8221; use_row_as_full_screen_section=&#8221;no&#8221; type=&#8221;full_width&#8221; angled_section=&#8221;no&#8221; text_align=&#8221;left&#8221; background_image_as_pattern=&#8221;without_pattern&#8221; background_image=&#8221;48665&#8243; el_id=&#8221;top-image&#8221; z_index=&#8221;&#8221; css=&#8221;.vc_custom_1750966389788{background-image: url(https:\/\/zahoramizadolami.sk\/wp-content\/uploads\/2025\/06\/TITULKA_rakos-1.jpg?id=48697) !important;}&#8221;][vc_column][\/vc_column][\/vc_row][vc_row css_animation=&#8221;&#8221; row_type=&#8221;row&#8221; use_row_as_full_screen_section=&#8221;no&#8221; type=&#8221;grid&#8221; angled_section=&#8221;no&#8221; text_align=&#8221;left&#8221; background_image_as_pattern=&#8221;without_pattern&#8221; background_color=&#8221;#ffffff&#8221; z_index=&#8221;&#8221;][vc_column width=&#8221;1\/6&#8243; el_class=&#8221;detail-top&#8221;][\/vc_column][vc_column width=&#8221;2\/3&#8243; el_class=&#8221;detail-top&#8221;][vc_empty_space height=&#8221;80&#8243;][vc_column_text] G\u00f3tikus \u00fat [\/vc_column_text][vc_empty_space height=&#8221;35px&#8221;][vc_column_text]Amikor \u201eMagyarorsz\u00e1g vas sz\u00edve\u201d megsz\u0171nt dobogni, csend borult G\u00f6m\u00f6rre \u00e9s Kishontra. Elhallgattak a hangos...\" \/>\n<meta property=\"og:url\" content=\"https:\/\/zahoramizadolami.sk\/hu\/a-tortenelem-nyomai\/gotikus-ut\/\" \/>\n<meta property=\"og:site_name\" content=\"Za horami, za dolami v Banskobystrickom kraji\" \/>\n<meta property=\"article:publisher\" content=\"https:\/\/www.facebook.com\/zahoramizadolami.sk\/\" \/>\n<meta property=\"article:modified_time\" content=\"2026-08-18T18:49:20+00:00\" \/>\n<meta name=\"twitter:card\" content=\"summary_large_image\" \/>\n<meta name=\"twitter:label1\" content=\"Becs\u00fclt olvas\u00e1si id\u0151\" \/>\n\t<meta name=\"twitter:data1\" content=\"5 perc\" \/>\n<script type=\"application\/ld+json\" class=\"yoast-schema-graph\">{\"@context\":\"https:\/\/schema.org\",\"@graph\":[{\"@type\":\"WebPage\",\"@id\":\"https:\/\/zahoramizadolami.sk\/hu\/a-tortenelem-nyomai\/gotikus-ut\/\",\"url\":\"https:\/\/zahoramizadolami.sk\/hu\/a-tortenelem-nyomai\/gotikus-ut\/\",\"name\":\"G\u00f3tikus \u00fat - Za horami, za dolami v Banskobystrickom kraji\",\"isPartOf\":{\"@id\":\"https:\/\/zahoramizadolami.sk\/hu\/#website\"},\"datePublished\":\"2025-04-25T10:29:49+00:00\",\"dateModified\":\"2026-08-18T18:49:20+00:00\",\"breadcrumb\":{\"@id\":\"https:\/\/zahoramizadolami.sk\/hu\/a-tortenelem-nyomai\/gotikus-ut\/#breadcrumb\"},\"inLanguage\":\"hu\",\"potentialAction\":[{\"@type\":\"ReadAction\",\"target\":[\"https:\/\/zahoramizadolami.sk\/hu\/a-tortenelem-nyomai\/gotikus-ut\/\"]}]},{\"@type\":\"BreadcrumbList\",\"@id\":\"https:\/\/zahoramizadolami.sk\/hu\/a-tortenelem-nyomai\/gotikus-ut\/#breadcrumb\",\"itemListElement\":[{\"@type\":\"ListItem\",\"position\":1,\"name\":\"Home\",\"item\":\"https:\/\/zahoramizadolami.sk\/hu\/\"},{\"@type\":\"ListItem\",\"position\":2,\"name\":\"A t\u00f6rt\u00e9nelem nyomai\",\"item\":\"https:\/\/zahoramizadolami.sk\/hu\/stopy-dejin\/\"},{\"@type\":\"ListItem\",\"position\":3,\"name\":\"G\u00f3tikus \u00fat\"}]},{\"@type\":\"WebSite\",\"@id\":\"https:\/\/zahoramizadolami.sk\/hu\/#website\",\"url\":\"https:\/\/zahoramizadolami.sk\/hu\/\",\"name\":\"Za horami, za dolami v Banskobystrickom kraji\",\"description\":\"Za horami, za dolami, bol raz jeden Banskobystrick\u00fd kraj.\",\"potentialAction\":[{\"@type\":\"SearchAction\",\"target\":{\"@type\":\"EntryPoint\",\"urlTemplate\":\"https:\/\/zahoramizadolami.sk\/hu\/?s={search_term_string}\"},\"query-input\":{\"@type\":\"PropertyValueSpecification\",\"valueRequired\":true,\"valueName\":\"search_term_string\"}}],\"inLanguage\":\"hu\"}]}<\/script>\n<!-- \/ Yoast SEO plugin. -->","yoast_head_json":{"title":"G\u00f3tikus \u00fat - Za horami, za dolami v Banskobystrickom kraji","robots":{"index":"index","follow":"follow","max-snippet":"max-snippet:-1","max-image-preview":"max-image-preview:large","max-video-preview":"max-video-preview:-1"},"canonical":"https:\/\/zahoramizadolami.sk\/hu\/a-tortenelem-nyomai\/gotikus-ut\/","og_locale":"hu_HU","og_type":"article","og_title":"G\u00f3tikus \u00fat - Za horami, za dolami v Banskobystrickom kraji","og_description":"[vc_row css_animation=&#8221;&#8221; row_type=&#8221;row&#8221; use_row_as_full_screen_section=&#8221;no&#8221; type=&#8221;full_width&#8221; angled_section=&#8221;no&#8221; text_align=&#8221;left&#8221; background_image_as_pattern=&#8221;without_pattern&#8221; background_image=&#8221;48665&#8243; el_id=&#8221;top-image&#8221; z_index=&#8221;&#8221; css=&#8221;.vc_custom_1750966389788{background-image: url(https:\/\/zahoramizadolami.sk\/wp-content\/uploads\/2025\/06\/TITULKA_rakos-1.jpg?id=48697) !important;}&#8221;][vc_column][\/vc_column][\/vc_row][vc_row css_animation=&#8221;&#8221; row_type=&#8221;row&#8221; use_row_as_full_screen_section=&#8221;no&#8221; type=&#8221;grid&#8221; angled_section=&#8221;no&#8221; text_align=&#8221;left&#8221; background_image_as_pattern=&#8221;without_pattern&#8221; background_color=&#8221;#ffffff&#8221; z_index=&#8221;&#8221;][vc_column width=&#8221;1\/6&#8243; el_class=&#8221;detail-top&#8221;][\/vc_column][vc_column width=&#8221;2\/3&#8243; el_class=&#8221;detail-top&#8221;][vc_empty_space height=&#8221;80&#8243;][vc_column_text] G\u00f3tikus \u00fat [\/vc_column_text][vc_empty_space height=&#8221;35px&#8221;][vc_column_text]Amikor \u201eMagyarorsz\u00e1g vas sz\u00edve\u201d megsz\u0171nt dobogni, csend borult G\u00f6m\u00f6rre \u00e9s Kishontra. Elhallgattak a hangos...","og_url":"https:\/\/zahoramizadolami.sk\/hu\/a-tortenelem-nyomai\/gotikus-ut\/","og_site_name":"Za horami, za dolami v Banskobystrickom kraji","article_publisher":"https:\/\/www.facebook.com\/zahoramizadolami.sk\/","article_modified_time":"2026-08-18T18:49:20+00:00","twitter_card":"summary_large_image","twitter_misc":{"Becs\u00fclt olvas\u00e1si id\u0151":"5 perc"},"schema":{"@context":"https:\/\/schema.org","@graph":[{"@type":"WebPage","@id":"https:\/\/zahoramizadolami.sk\/hu\/a-tortenelem-nyomai\/gotikus-ut\/","url":"https:\/\/zahoramizadolami.sk\/hu\/a-tortenelem-nyomai\/gotikus-ut\/","name":"G\u00f3tikus \u00fat - Za horami, za dolami v Banskobystrickom kraji","isPartOf":{"@id":"https:\/\/zahoramizadolami.sk\/hu\/#website"},"datePublished":"2025-04-25T10:29:49+00:00","dateModified":"2026-08-18T18:49:20+00:00","breadcrumb":{"@id":"https:\/\/zahoramizadolami.sk\/hu\/a-tortenelem-nyomai\/gotikus-ut\/#breadcrumb"},"inLanguage":"hu","potentialAction":[{"@type":"ReadAction","target":["https:\/\/zahoramizadolami.sk\/hu\/a-tortenelem-nyomai\/gotikus-ut\/"]}]},{"@type":"BreadcrumbList","@id":"https:\/\/zahoramizadolami.sk\/hu\/a-tortenelem-nyomai\/gotikus-ut\/#breadcrumb","itemListElement":[{"@type":"ListItem","position":1,"name":"Home","item":"https:\/\/zahoramizadolami.sk\/hu\/"},{"@type":"ListItem","position":2,"name":"A t\u00f6rt\u00e9nelem nyomai","item":"https:\/\/zahoramizadolami.sk\/hu\/stopy-dejin\/"},{"@type":"ListItem","position":3,"name":"G\u00f3tikus \u00fat"}]},{"@type":"WebSite","@id":"https:\/\/zahoramizadolami.sk\/hu\/#website","url":"https:\/\/zahoramizadolami.sk\/hu\/","name":"Za horami, za dolami v Banskobystrickom kraji","description":"Za horami, za dolami, bol raz jeden Banskobystrick\u00fd kraj.","potentialAction":[{"@type":"SearchAction","target":{"@type":"EntryPoint","urlTemplate":"https:\/\/zahoramizadolami.sk\/hu\/?s={search_term_string}"},"query-input":{"@type":"PropertyValueSpecification","valueRequired":true,"valueName":"search_term_string"}}],"inLanguage":"hu"}]}},"_links":{"self":[{"href":"https:\/\/zahoramizadolami.sk\/hu\/wp-json\/wp\/v2\/pages\/55743","targetHints":{"allow":["GET"]}}],"collection":[{"href":"https:\/\/zahoramizadolami.sk\/hu\/wp-json\/wp\/v2\/pages"}],"about":[{"href":"https:\/\/zahoramizadolami.sk\/hu\/wp-json\/wp\/v2\/types\/page"}],"author":[{"embeddable":true,"href":"https:\/\/zahoramizadolami.sk\/hu\/wp-json\/wp\/v2\/users\/21"}],"replies":[{"embeddable":true,"href":"https:\/\/zahoramizadolami.sk\/hu\/wp-json\/wp\/v2\/comments?post=55743"}],"version-history":[{"count":1,"href":"https:\/\/zahoramizadolami.sk\/hu\/wp-json\/wp\/v2\/pages\/55743\/revisions"}],"predecessor-version":[{"id":55748,"href":"https:\/\/zahoramizadolami.sk\/hu\/wp-json\/wp\/v2\/pages\/55743\/revisions\/55748"}],"up":[{"embeddable":true,"href":"https:\/\/zahoramizadolami.sk\/hu\/wp-json\/wp\/v2\/pages\/55669"}],"wp:attachment":[{"href":"https:\/\/zahoramizadolami.sk\/hu\/wp-json\/wp\/v2\/media?parent=55743"}],"curies":[{"name":"wp","href":"https:\/\/api.w.org\/{rel}","templated":true}]}}